{"id":734,"date":"2022-02-24T14:11:37","date_gmt":"2022-02-24T14:11:37","guid":{"rendered":"https:\/\/empower-project.net\/about\/"},"modified":"2023-01-30T09:57:53","modified_gmt":"2023-01-30T09:57:53","slug":"about","status":"publish","type":"page","link":"https:\/\/empower-project.net\/pt-pt\/about\/","title":{"rendered":"About"},"content":{"rendered":"<h1>SOBRE O PROJETO<\/h1>\n<ul>\n<li>\n<h3>SINOPSE<\/h3>\n<div>\n<p><span>O desemprego jo<\/span><span>vem<\/span><span> tem vindo a aumentar na Europa devido \u00e0 crise pand\u00e9mica, com uma taxa m\u00e9dia de 18% entre os pa\u00edses da UE, criando barreiras e dificuldades aos jovens empreendedores e \u00e0s empresas sociais. \u00c9 de salientar, no quadro atual, a\u00a0 falta de conhecimento, de investiga\u00e7\u00e3o e de ferramentas necess\u00e1rias para ajudar os jovens nessa transi\u00e7\u00e3o. Os desafios enfrentados pelos empreendedores sociais focam-se na transmiss\u00e3o das suas ideias de neg\u00f3cios, na colabora\u00e7\u00e3o intersetorial, no financiamento e nas formas de <\/span><i><span>crowdfunding.<\/span><\/i><span> As pol\u00edticas governamentais, a manuten\u00e7\u00e3o da qualidade, a avalia\u00e7\u00e3o de impacte, as for\u00e7as competitivas e a aquisi\u00e7\u00e3o de tecnologia constituem outras dificuldades enfrentadas pelos empreendedores sociais.<\/span><\/p>\n<p><span>Nesse sentido, a sustentabilidade e a escalabilidade do empreendedorismo social \u00e9 um desafio permanente, com v\u00e1rios conflitos quanto \u00e0 f\u00f3rmula ideal para alcan\u00e7ar esse objetivo. Uma vez que se espera que este modelo de neg\u00f3cio se torne parte integrante da economia da Europa nos pr\u00f3ximos anos, o projeto EMPOWER visa promover a sustentabilidade e a escalabilidade de empresas sociais (novas e existentes) e apoiar jovens empreendedores, atrav\u00e9s do desenvolvimento de novas parcerias de aprendizagem efetiva entre o mercado de trabalho e a oferta formativa para jovens.<\/span><\/p>\n<p><span>O material de forma\u00e7\u00e3o foca-se nas necessidades e nas oportunidades para os jovens empreendedores enfrentarem desafios e identificarem problemas para aproveitar as oportunidades em comunidades de mercados emergentes.<\/span><\/p>\n<\/div>\n<\/li>\n<li>\n<h3>OBJETIVOS<\/h3>\n<div>\n<p>O projeto EMPOWER visa promover a sustentabilidade e a escalabilidade de empresas sociais (novas e existentes) e apoiar jovens empreendedores, atrav\u00e9s do desenvolvimento de novas parcerias de aprendizagem entre o mercado de trabalho e a oferta formativa para jovens.<\/p>\n<ul>\n<li>Capacitar profissionais jovens (e\/ ou que trabalham com jovens), atrav\u00e9s de um pacote de forma\u00e7\u00e3o estruturada sob medida.<\/li>\n<li>Apoiar os propriet\u00e1rios de empresas sociais, de PME e jovens empreendedores com forma\u00e7\u00e3o e material de forma\u00e7\u00e3o personalizado.<\/li>\n<li>Melhorar as compet\u00eancias de empreendedorismo digital dos jovens empreendedores.<\/li>\n<li>Desenvolver um conjunto alargado de conhecimentos, aptid\u00f5es e atitudes adaptados \u00e0s necessidades dos jovens empreendedores.<\/li>\n<li>Potenciar as sinergias e as complementaridades entre os principais stakeholders e o mercado de trabalho.<\/li>\n<\/ul>\n<\/div>\n<\/li>\n<li>\n<h3>METODOLOGIA<\/h3>\n<div>\n<p><span>Os recursos de aprendizagem do EMPOWER combinam as metodologias de aprendizagem aut\u00eantica, aprendizagem em pares, literacia digital, a utiliza\u00e7\u00e3o de ferramentas inform\u00e1ticas e\u00a0 as visitas de estudo.<\/span><\/p>\n<p><span>Relaciona o empreendedorismo digital com m\u00e9todos inovadores, atrav\u00e9s do uso de ferramentas digitais, a avalia\u00e7\u00e3o de compet\u00eancias, a inclus\u00e3o de metodologias de <\/span><i><span>coaching<\/span><\/i><span> \u00e0 medida, os instrumentos para aumentar a autoefic\u00e1cia e a motiva\u00e7\u00e3o e a procura de emprego com orienta\u00e7\u00e3o e t\u00e9cnicas de <\/span><i><span>automarketing<\/span><\/i><span>, especialmente no campo do mercado digital.<\/span><\/p>\n<\/div>\n<\/li>\n<li>\n<h3>PARCEIROS<\/h3>\n<div>\n<ul id=\"js-d008\" class=\"uk-switcher\" uk-height-match=\"row: false\" style=\"touch-action: pan-y pinch-zoom;\">\n<li class=\"el-item uk-margin-remove-first-child uk-active\">\n<div class=\"el-content uk-panel uk-margin-top\">\n<div uk-accordion=\"collapsible: true;\" class=\"partners-accordion uk-margin uk-accordion\">\n<div class=\"el-item\"><a class=\"el-title uk-accordion-title uk-text-success\" href=\"#\" aria-expanded=\"false\">BRCCI \u2013 Bulgarian- Romanian Chamber of Commerce and Industry<\/a><\/p>\n<div class=\"uk-accordion-content\" hidden=\"\">\n<div class=\"uk-child-width-expand uk-grid-small uk-flex-middle uk-grid uk-grid-stack\" uk-grid=\"\">\n<div class=\"uk-width-1-4@m uk-first-column\"><img decoding=\"async\" src=\"\/wp-content\/uploads\/2022\/09\/BRCCI_logo.jpg\" sizes=\"(min-width: 200px) 200px\" data-width=\"200\" data-height=\"155\" class=\"el-image\" alt=\"\" \/><\/div>\n<div class=\"uk-margin-remove-first-child\">\n<div class=\"el-content uk-panel uk-margin-top\">\n<p>Criada em 2003, a BRCCI \u00e9 uma organiza\u00e7\u00e3o orientada para prestar informa\u00e7\u00e3o, aconselhamento e consulta de mercado a empresas que pretendem desenvolver neg\u00f3cios na Bulg\u00e1ria e na Rom\u00e9nia. A BRCCI implementa v\u00e1rias atividades e projetos nos campos da promo\u00e7\u00e3o do empreendedorismo, turismo, prote\u00e7\u00e3o do ambiente, inova\u00e7\u00e3o, bioenergia, educa\u00e7\u00e3o e forma\u00e7\u00e3o profissional. Desenvolve tamb\u00e9m as seguintes atividades: estudos de mercado; an\u00e1lise de sectores com potencial de desenvolvimento; servi\u00e7os especializados e media\u00e7\u00e3o para a apresenta\u00e7\u00e3o de neg\u00f3cios b\u00falgaros na Rom\u00e9nia e de neg\u00f3cios romenos na Bulg\u00e1ria, atrav\u00e9s de miss\u00f5es comerciais especializadas; eventos em rede; forma\u00e7\u00e3o e semin\u00e1rios sobre temas atuais do setor econ\u00f3mico; participa\u00e7\u00e3o em exposi\u00e7\u00f5es, entre outras. Juntamente com institui\u00e7\u00f5es e organiza\u00e7\u00f5es internacionais, tem ainda criado redes para o interc\u00e2mbio de experi\u00eancias e coopera\u00e7\u00e3o sobre temas de interesse m\u00fatuo relacionados com o desenvolvimento da regi\u00e3o do Dan\u00fabio.<\/p>\n<p>O principal objetivo da BRCCI \u00e9 fornecer valor acrescentado \u00e0s empresas membros e a todas as entidades interessadas em desenvolver os seus neg\u00f3cios nos dois mercados com o crescimento mais acelerado da UE.<\/p>\n<\/div>\n<div class=\"uk-margin-top\"><a class=\"el-link uk-button uk-button-primary\" href=\"https:\/\/www.brcci.eu\" target=\"_blank\" rel=\"noopener\">Website<\/a><\/div>\n<\/div>\n<\/div>\n<\/div>\n<\/div>\n<div class=\"el-item\"><a class=\"el-title uk-accordion-title uk-text-success\" href=\"#\" aria-expanded=\"false\">CARDET \u2013 Centre for Advancement of Research and Development in Educational Technology<\/a><\/p>\n<div class=\"uk-accordion-content\" hidden=\"\">\n<div class=\"uk-child-width-expand uk-grid-small uk-flex-middle uk-grid uk-grid-stack\" uk-grid=\"\">\n<div class=\"uk-width-1-4@m uk-first-column\"><img decoding=\"async\" src=\"\/wp-content\/uploads\/2022\/09\/CARDET_logo.png\" sizes=\"(min-width: 200px) 200px\" data-width=\"200\" data-height=\"261\" class=\"el-image\" alt=\"\" \/><\/div>\n<div class=\"uk-margin-remove-first-child\">\n<div class=\"el-content uk-panel uk-margin-top\">\n<p>O CARDET \u00e9 um dos principais centros de investiga\u00e7\u00e3o e de desenvolvimento na regi\u00e3o do Mediterr\u00e2neo, com experi\u00eancia global na conce\u00e7\u00e3o e implementa\u00e7\u00e3o de projetos, desenvolvimento de compet\u00eancias, educa\u00e7\u00e3o e forma\u00e7\u00e3o profissional e e-Learning. \u00c9 afiliado independente de universidades e de institui\u00e7\u00f5es de todo o mundo, tais como a Universidade de Yale, a Universidade de Nic\u00f3sia e o International Council of Educational Media.<\/p>\n<p>O CARDET concluiu v\u00e1rios projetos relacionados com o planeamento, desenvolvimento, capacita\u00e7\u00e3o, educa\u00e7\u00e3o e VET, o apoio a jovens, a educa\u00e7\u00e3o de adultos, a alfabetiza\u00e7\u00e3o, a cria\u00e7\u00e3o de ferramentas digitais, o e-Learning, a tecnologia educacional e a integra\u00e7\u00e3o social de idosos e grupos vulner\u00e1veis.<\/p>\n<\/div>\n<div class=\"uk-margin-top\"><a class=\"el-link uk-button uk-button-primary\" href=\"https:\/\/www.cardet.org\" target=\"_blank\" rel=\"noopener\">Website<\/a><\/div>\n<\/div>\n<\/div>\n<\/div>\n<\/div>\n<div class=\"el-item\"><a class=\"el-title uk-accordion-title uk-text-success\" href=\"#\" aria-expanded=\"false\">Future In Perspective Ltd<\/a><\/p>\n<div class=\"uk-accordion-content\" hidden=\"\">\n<div class=\"uk-child-width-expand uk-grid-small uk-flex-middle uk-grid uk-grid-stack\" uk-grid=\"\">\n<div class=\"uk-width-1-4@m uk-first-column\"><img decoding=\"async\" src=\"\/wp-content\/uploads\/2022\/09\/fip_logo.png\" sizes=\"(min-width: 200px) 200px\" data-width=\"200\" data-height=\"72\" class=\"el-image\" alt=\"\" \/><\/div>\n<div class=\"uk-margin-remove-first-child\">\n<div class=\"el-content uk-panel uk-margin-top\">\n<p>A FIP \u00e9 uma empresa privada com sede na regi\u00e3o fronteiri\u00e7a da Irlanda, especializada nas \u00e1reas de educa\u00e7\u00e3o e de e-Learning, produ\u00e7\u00e3o de media, planeamento estrat\u00e9gico, desenvolvimento e avalia\u00e7\u00e3o de neg\u00f3cios. Atrav\u00e9s do trabalho em projetos nacionais e financiados pela UE, envolve e apoia grupos locais, comunidades migrantes, idosos e indiv\u00edduos que estiveram ausentes do sistema educativo para se reencontrarem com os prestadores de servi\u00e7os com ofertas regulares de educa\u00e7\u00e3o e de forma\u00e7\u00e3o. Tamb\u00e9m tem experi\u00eancia em apoiar empresas em nichos de mercado, como os setores criativo, cultural, social e verde, para desenvolver modelos de neg\u00f3cios sustent\u00e1veis. Al\u00e9m disso, colabora com os principais stakeholders para disponibilizar uma variedade de programas nas \u00e1reas de produ\u00e7\u00e3o de media, digitaliza\u00e7\u00e3o, orienta\u00e7\u00e3o de carreira e mentoria, empreendedorismo, inclus\u00e3o e diversidade.<\/p>\n<\/div>\n<div class=\"uk-margin-top\"><a class=\"el-link uk-button uk-button-primary\" href=\"http:\/\/www.futureinperspective.com\/\" target=\"_blank\" rel=\"noopener\">Website<\/a><\/div>\n<\/div>\n<\/div>\n<\/div>\n<\/div>\n<div class=\"el-item\"><a class=\"el-title uk-accordion-title uk-text-success\" href=\"#\" aria-expanded=\"false\">KMOP \u2013 Social Action and Innovation Centre<\/a><\/p>\n<div class=\"uk-accordion-content\" hidden=\"\">\n<div class=\"uk-child-width-expand uk-grid-small uk-flex-middle uk-grid uk-grid-stack\" uk-grid=\"\">\n<div class=\"uk-width-1-4@m uk-first-column\"><img decoding=\"async\" src=\"\/wp-content\/uploads\/2022\/09\/KMOP_logo.png\" sizes=\"(min-width: 200px) 200px\" data-width=\"200\" data-height=\"72\" class=\"el-image\" alt=\"\" \/><\/div>\n<div class=\"uk-margin-remove-first-child\">\n<div class=\"el-content uk-panel uk-margin-top\">\n<p>A KMOP \u00e9 uma organiza\u00e7\u00e3o sem fins lucrativos com sede em Atenas, Gr\u00e9cia, com mais de 40 anos de experi\u00eancia no desenvolvimento sustent\u00e1vel, crescimento social, prote\u00e7\u00e3o dos direitos humanos, inclus\u00e3o social e investiga\u00e7\u00e3o de pol\u00edticas. Tem ampla experi\u00eancia em \u00e1reas como o bem-estar, empreendedorismo social e emprego, sistema de sa\u00fade e prote\u00e7\u00e3o dos direitos humanos, pesquisa cient\u00edfica e desenvolvimento de know-how em quest\u00f5es de pol\u00edtica social. O KMOP, enquanto um dos principais centros de a\u00e7\u00e3o social e inova\u00e7\u00e3o, trabalha com os principais atores dos setores p\u00fablico e privado, bem como com a sociedade civil para conduzir interven\u00e7\u00f5es baseadas em conhecimento e orientadas para solu\u00e7\u00f5es que s\u00e3o essenciais para promover a resili\u00eancia das pessoas. Est\u00e1 envolvida em projetos nacionais e da UE que abordam quest\u00f5es sociais com foco na capacita\u00e7\u00e3o e na promo\u00e7\u00e3o dos direitos de jovens pouco qualificados e desempregados de longa dura\u00e7\u00e3o, capacita\u00e7\u00e3o, migra\u00e7\u00e3o, direitos das minorias, v\u00edtimas de viol\u00eancia e tr\u00e1fico, v\u00edtimas de bullying, idosos e pessoas com defici\u00eancia.<\/p>\n<\/div>\n<div class=\"uk-margin-top\"><a class=\"el-link uk-button uk-button-primary\" href=\"https:\/\/www.kmop.gr\/\" target=\"_blank\" rel=\"noopener\">Website<\/a><\/div>\n<\/div>\n<\/div>\n<\/div>\n<\/div>\n<div class=\"el-item\"><a class=\"el-title uk-accordion-title uk-text-success\" href=\"#\" aria-expanded=\"false\">SERN \u2013 SWEDEN EMILIA ROMAGNA NETWORK<\/a><\/p>\n<div class=\"uk-accordion-content\" hidden=\"\">\n<div class=\"uk-child-width-expand uk-grid-small uk-flex-middle uk-grid uk-grid-stack\" uk-grid=\"\">\n<div class=\"uk-width-1-4@m uk-first-column\"><img decoding=\"async\" src=\"\/wp-content\/uploads\/2022\/09\/SERN_logo.png\" sizes=\"(min-width: 200px) 200px\" data-width=\"200\" data-height=\"197\" class=\"el-image\" alt=\"\" \/><\/div>\n<div class=\"uk-margin-remove-first-child\">\n<div class=\"el-content uk-panel uk-margin-top\">\n<p>A SERN \u00e9 uma das principais redes transnacionais da Europa, fomentando as rela\u00e7\u00f5es entre o norte e o sul da Europa e, em particular, entre a Su\u00e9cia e a It\u00e1lia. Como associa\u00e7\u00e3o transnacional sem fins lucrativos, apresenta algumas carater\u00edsticas que a tornam singular. \u00c9 a \u00fanica rede bilateral da UE que re\u00fane atores dos estados do Norte e do Sul, uma rede multin\u00edvel onde diferentes n\u00edveis de governan\u00e7a interagem e colaboram. Est\u00e1 aberta \u00e0 sociedade civil e a atores privados. Desde a sua cria\u00e7\u00e3o, desenvolveu mais de 130 projetos ao n\u00edvel europeu e impulsiona um processo cont\u00ednuo de interc\u00e2mbio e de coopera\u00e7\u00e3o entre suecos e italianos. Uma coopera\u00e7\u00e3o que, com a nova estrat\u00e9gia, continuar\u00e1 nos pr\u00f3ximos sete anos rumo a comunidades mais inclusivas, cruciais para uma integra\u00e7\u00e3o europeia sustent\u00e1vel, atrav\u00e9s de servi\u00e7os para grupos vulner\u00e1veis, para uma cidadania ativa e educa\u00e7\u00e3o de qualidade.<\/p>\n<p>A SERN promove tamb\u00e9m comunidades digitalizadas, abertas e eficientes para as administra\u00e7\u00f5es p\u00fablicas. O objetivo \u00e9 fornecer compet\u00eancias digitais para todos, que sejam verdes e sustent\u00e1veis, com foco em a\u00e7\u00f5es que possam reduzir a vulnerabilidade aos efeitos das altera\u00e7\u00f5es clim\u00e1ticas, potencializar o turismo sustent\u00e1vel e a mobilidade inteligente.<\/p>\n<\/div>\n<div class=\"uk-margin-top\"><a class=\"el-link uk-button uk-button-primary\" href=\"https:\/\/www.sern.eu\/\" target=\"_blank\" rel=\"noopener\">Website<\/a><\/div>\n<\/div>\n<\/div>\n<\/div>\n<\/div>\n<div class=\"el-item\"><a class=\"el-title uk-accordion-title uk-text-success\" href=\"#\" aria-expanded=\"false\">Innovade LI LTD, Cyprus<\/a><\/p>\n<div class=\"uk-accordion-content\" hidden=\"\">\n<div class=\"uk-child-width-expand uk-grid-small uk-flex-middle uk-grid uk-grid-stack\" uk-grid=\"\">\n<div class=\"uk-width-1-4@m uk-first-column\"><img decoding=\"async\" src=\"\/wp-content\/uploads\/2022\/09\/INNOVADE_logo.png\" sizes=\"(min-width: 200px) 200px\" data-width=\"200\" data-height=\"94\" class=\"el-image\" alt=\"\" \/><\/div>\n<div class=\"uk-margin-remove-first-child\">\n<div class=\"el-content uk-panel uk-margin-top\">\n<p>A INNOVADE LI \u00e9 uma PME sediada no Chipre, com uma equipa de profissionais com v\u00e1rios anos de experi\u00eancia em vis\u00e3o estrat\u00e9gica, desenvolvimento de neg\u00f3cios, empreendedorismo social, tecnologia, inova\u00e7\u00e3o e no setor acad\u00e9mico. Tem como objetivo auxiliar os clientes a definir as metas estrat\u00e9gicas e a atingir os seus objetivos operacionais, disponibilizando apoio especializado. A INNOVADE LI trabalha com as organiza\u00e7\u00f5es para as ajudar a simplificar as ferramentas decorrentes dos avan\u00e7os tecnol\u00f3gicos e produtividade nos processos, para garantir um melhor desempenho e consequente aumento da produtividade e capacidade de gera\u00e7\u00e3o de lucro.<\/p>\n<\/div>\n<div class=\"uk-margin-top\"><a class=\"el-link uk-button uk-button-primary\" href=\"https:\/\/www.innovade.eu\/\" target=\"_blank\" rel=\"noopener\">Website<\/a><\/div>\n<\/div>\n<\/div>\n<\/div>\n<\/div>\n<div class=\"el-item\"><a class=\"el-title uk-accordion-title uk-text-success\" href=\"#\" aria-expanded=\"false\">Mindshift Talent Advisory<\/a><\/p>\n<div class=\"uk-accordion-content\" hidden=\"\">\n<div class=\"uk-child-width-expand uk-grid-small uk-flex-middle uk-grid uk-grid-stack\" uk-grid=\"\">\n<div class=\"uk-width-1-4@m uk-first-column\"><img decoding=\"async\" src=\"\/wp-content\/uploads\/2022\/09\/Mindhift_logo.jpg\" sizes=\"(min-width: 200px) 200px\" data-width=\"200\" data-height=\"57\" class=\"el-image\" alt=\"\" \/><\/div>\n<div class=\"uk-margin-remove-first-child\">\n<div class=\"el-content uk-panel uk-margin-top\">\n<p>A Mindshift \u00e9 uma empresa de consultoria especializada em Recursos Humanos que aposta na performance e na qualifica\u00e7\u00e3o de compet\u00eancias das pessoas, procurando potenciar a maturidade digital e interpessoal nas organiza\u00e7\u00f5es e na sociedade. Ao n\u00edvel nacional, tem como um dos seus principais parceiros a The Key Talent Portugal, uma HR Tech Consulting especializada em Atra\u00e7\u00e3o Social e Avalia\u00e7\u00e3o de Talentos que desenvolve plataformas, como a Panorama e a AplyGo, que permitem otimizar, implementar e gerir solu\u00e7\u00f5es digitais \u00e1geis, e processos atraentes de RH baseados em an\u00e1lise de dados.<\/p>\n<p>Ao n\u00edvel europeu, \u00e9 um parceiro estrat\u00e9gico para o desenvolvimento de projetos de coopera\u00e7\u00e3o transnacional, com o objetivo de criar solu\u00e7\u00f5es inovadoras na \u00e1rea da forma\u00e7\u00e3o de jovens e adultos, em seis \u00e1reas-chave: upskilling\/reskilling; inclus\u00e3o e empregabilidade, desenvolvimento sustent\u00e1vel, capacita\u00e7\u00e3o de mulheres, empreendedorismo e criatividade e talento digital.<\/p>\n<p>A Mindshift est\u00e1 fortemente comprometida com os princ\u00edpios da Responsabilidade Social e da Agenda 2030 para o Desenvolvimento Sustent\u00e1vel, reunindo uma equipa de colaboradores com forma\u00e7\u00f5es e experi\u00eancias profissionais diversificadas.<\/p>\n<\/div>\n<div class=\"uk-margin-top\"><a class=\"el-link uk-button uk-button-primary\" href=\"https:\/\/www.mindshift.pt\" target=\"_blank\" rel=\"noopener\">Website<\/a><\/div>\n<\/div>\n<\/div>\n<\/div>\n<\/div>\n<\/div>\n<\/div>\n<\/li>\n<\/ul>\n<\/div>\n<\/li>\n<\/ul>\n<p><!--more--><br \/>\n<!-- {\"type\":\"layout\",\"children\":[{\"type\":\"section\",\"props\":{\"style\":\"default\",\"width\":\"default\",\"vertical_align\":\"middle\",\"title_position\":\"top-left\",\"title_rotation\":\"left\",\"title_breakpoint\":\"xl\",\"image_position\":\"center-center\",\"padding_remove_top\":true,\"height\":\"expand\"},\"children\":[{\"type\":\"row\",\"children\":[{\"type\":\"column\",\"props\":{\"position_sticky_breakpoint\":\"m\",\"image_position\":\"center-center\",\"media_overlay_gradient\":\"\"},\"children\":[{\"type\":\"headline\",\"props\":{\"title_element\":\"h1\",\"title_style\":\"h3\",\"title_color\":\"secondary\",\"text_align\":\"left\",\"content\":\"SOBRE O PROJETO\",\"margin_remove_bottom\":true,\"class\":\"page-header about-header\"},\"name\":\"headline-pages\"},{\"type\":\"switcher\",\"props\":{\"show_title\":true,\"show_meta\":true,\"show_content\":true,\"show_image\":true,\"show_link\":true,\"show_label\":true,\"show_thumbnail\":true,\"switcher_animation\":\"fade\",\"switcher_height\":true,\"nav\":\"tab\",\"nav_position\":\"top\",\"nav_align\":\"left\",\"nav_grid_width\":\"auto\",\"nav_grid_breakpoint\":\"m\",\"thumbnav_svg_color\":\"emphasis\",\"title_element\":\"h3\",\"title_align\":\"top\",\"title_grid_width\":\"1-2\",\"title_grid_breakpoint\":\"m\",\"meta_style\":\"meta\",\"meta_align\":\"below-title\",\"meta_element\":\"div\",\"content_column_breakpoint\":\"m\",\"image_svg_color\":\"\",\"image_align\":\"top\",\"image_grid_width\":\"1-2\",\"image_grid_breakpoint\":\"m\",\"thumbnav_width\":\"100\",\"thumbnav_height\":\"75\",\"link_text\":\"Read more\",\"link_style\":\"default\",\"margin\":\"medium\",\"image_width\":\"50px\",\"image_height\":\"50px\",\"image_svg_inline\":true,\"class\":\"custom-tabs about-tabs\",\"margin_remove_bottom\":true},\"children\":[{\"type\":\"switcher_item\",\"props\":{\"title\":\"SINOPSE\",\"content\":\"\n\n<p><span>O desemprego jo<\\\/span><span>vem<\\\/span><span> tem vindo a aumentar na Europa devido \\u00e0 crise pand\\u00e9mica, com uma taxa m\\u00e9dia de 18% entre os pa\\u00edses da UE, criando barreiras e dificuldades aos jovens empreendedores e \\u00e0s empresas sociais. \\u00c9 de salientar, no quadro atual, a\\u00a0 falta de conhecimento, de investiga\\u00e7\\u00e3o e de ferramentas necess\\u00e1rias para ajudar os jovens nessa transi\\u00e7\\u00e3o. Os desafios enfrentados pelos empreendedores sociais focam-se na transmiss\\u00e3o das suas ideias de neg\\u00f3cios, na colabora\\u00e7\\u00e3o intersetorial, no financiamento e nas formas de <\\\/span><i><span>crowdfunding.<\\\/span><\\\/i><span> As pol\\u00edticas governamentais, a manuten\\u00e7\\u00e3o da qualidade, a avalia\\u00e7\\u00e3o de impacte, as for\\u00e7as competitivas e a aquisi\\u00e7\\u00e3o de tecnologia constituem outras dificuldades enfrentadas pelos empreendedores sociais.<\\\/span><\\\/p>\\n\n\n<p><span>Nesse sentido, a sustentabilidade e a escalabilidade do empreendedorismo social \\u00e9 um desafio permanente, com v\\u00e1rios conflitos quanto \\u00e0 f\\u00f3rmula ideal para alcan\\u00e7ar esse objetivo. Uma vez que se espera que este modelo de neg\\u00f3cio se torne parte integrante da economia da Europa nos pr\\u00f3ximos anos, o projeto EMPOWER visa promover a sustentabilidade e a escalabilidade de empresas sociais (novas e existentes) e apoiar jovens empreendedores, atrav\\u00e9s do desenvolvimento de novas parcerias de aprendizagem efetiva entre o mercado de trabalho e a oferta formativa para jovens.<\\\/span><\\\/p>\\n\n\n<p><span>O material de forma\\u00e7\\u00e3o foca-se nas necessidades e nas oportunidades para os jovens empreendedores enfrentarem desafios e identificarem problemas para aproveitar as oportunidades em comunidades de mercados emergentes.<\\\/span><\\\/p>\",\"image\":\"\",\"image_alt\":\"Project overview\"}},{\"type\":\"switcher_item\",\"props\":{\"title\":\"OBJETIVOS\",\"content\":\"\n\n<p>O projeto EMPOWER visa promover a sustentabilidade e a escalabilidade de empresas sociais (novas e existentes) e apoiar jovens empreendedores, atrav\\u00e9s do desenvolvimento de novas parcerias de aprendizagem entre o mercado de trabalho e a oferta formativa para jovens.<\\\/p>\\n\n\n<ul>\\n\n\n<li>Capacitar profissionais jovens (e\\\/ ou que trabalham com jovens), atrav\\u00e9s de um pacote de forma\\u00e7\\u00e3o estruturada sob medida.<\\\/li>\\n\n\n<li>Apoiar os propriet\\u00e1rios de empresas sociais, de PME e jovens empreendedores com forma\\u00e7\\u00e3o e material de forma\\u00e7\\u00e3o personalizado.<\\\/li>\\n\n\n<li>Melhorar as compet\\u00eancias de empreendedorismo digital dos jovens empreendedores.<\\\/li>\\n\n\n<li>Desenvolver um conjunto alargado de conhecimentos, aptid\\u00f5es e atitudes adaptados \\u00e0s necessidades dos jovens empreendedores.<\\\/li>\\n\n\n<li>Potenciar as sinergias e as complementaridades entre os principais stakeholders e o mercado de trabalho.<\\\/li>\\n<\\\/ul>\"}},{\"type\":\"switcher_item\",\"props\":{\"title\":\"METODOLOGIA\",\"content\":\"\n\n<p><span>Os recursos de aprendizagem do EMPOWER combinam as metodologias de aprendizagem aut\\u00eantica, aprendizagem em pares, literacia digital, a utiliza\\u00e7\\u00e3o de ferramentas inform\\u00e1ticas e\\u00a0 as visitas de estudo.<\\\/span><\\\/p>\\n\n\n<p><span>Relaciona o empreendedorismo digital com m\\u00e9todos inovadores, atrav\\u00e9s do uso de ferramentas digitais, a avalia\\u00e7\\u00e3o de compet\\u00eancias, a inclus\\u00e3o de metodologias de <\\\/span><i><span>coaching<\\\/span><\\\/i><span> \\u00e0 medida, os instrumentos para aumentar a autoefic\\u00e1cia e a motiva\\u00e7\\u00e3o e a procura de emprego com orienta\\u00e7\\u00e3o e t\\u00e9cnicas de <\\\/span><i><span>automarketing<\\\/span><\\\/i><span>, especialmente no campo do mercado digital.<\\\/span><\\\/p>\"}},{\"type\":\"switcher_item\",\"props\":{\"title\":\"PARCEIROS\",\"content\":\"\n\n<ul id=\\\"js-d008\\\" class=\\\"uk-switcher\\\" uk-height-match=\\\"row: false\\\" style=\\\"touch-action: pan-y pinch-zoom;\\\">\\n\n\n<li class=\\\"el-item uk-margin-remove-first-child uk-active\\\">\\n\n\n<div class=\\\"el-content uk-panel uk-margin-top\\\">\\n\n\n<div uk-accordion=\\\"collapsible: true;\\\" class=\\\"partners-accordion uk-margin uk-accordion\\\">\\n\n\n<div class=\\\"el-item\\\"><a class=\\\"el-title uk-accordion-title uk-text-success\\\" href=\\\"#\\\" aria-expanded=\\\"false\\\">BRCCI \\u2013 Bulgarian- Romanian Chamber of Commerce and Industry<\\\/a>\\n\n\n<div class=\\\"uk-accordion-content\\\" hidden=\\\"\\\">\\n\n\n<div class=\\\"uk-child-width-expand uk-grid-small uk-flex-middle uk-grid uk-grid-stack\\\" uk-grid=\\\"\\\">\\n\n\n<div class=\\\"uk-width-1-4@m uk-first-column\\\"><img src=\\\"\\\/wp-content\\\/uploads\\\/2022\\\/09\\\/BRCCI_logo.jpg\\\" sizes=\\\"(min-width: 200px) 200px\\\" data-width=\\\"200\\\" data-height=\\\"155\\\" class=\\\"el-image\\\" alt=\\\"\\\" \\\/><\\\/div>\\n\n\n<div class=\\\"uk-margin-remove-first-child\\\">\\n\n\n<div class=\\\"el-content uk-panel uk-margin-top\\\">\\n\n\n<p>Criada em 2003, a BRCCI \\u00e9 uma organiza\\u00e7\\u00e3o orientada para prestar informa\\u00e7\\u00e3o, aconselhamento e consulta de mercado a empresas que pretendem desenvolver neg\\u00f3cios na Bulg\\u00e1ria e na Rom\\u00e9nia. A BRCCI implementa v\\u00e1rias atividades e projetos nos campos da promo\\u00e7\\u00e3o do empreendedorismo, turismo, prote\\u00e7\\u00e3o do ambiente, inova\\u00e7\\u00e3o, bioenergia, educa\\u00e7\\u00e3o e forma\\u00e7\\u00e3o profissional. Desenvolve tamb\\u00e9m as seguintes atividades: estudos de mercado; an\\u00e1lise de sectores com potencial de desenvolvimento; servi\\u00e7os especializados e media\\u00e7\\u00e3o para a apresenta\\u00e7\\u00e3o de neg\\u00f3cios b\\u00falgaros na Rom\\u00e9nia e de neg\\u00f3cios romenos na Bulg\\u00e1ria, atrav\\u00e9s de miss\\u00f5es comerciais especializadas; eventos em rede; forma\\u00e7\\u00e3o e semin\\u00e1rios sobre temas atuais do setor econ\\u00f3mico; participa\\u00e7\\u00e3o em exposi\\u00e7\\u00f5es, entre outras. Juntamente com institui\\u00e7\\u00f5es e organiza\\u00e7\\u00f5es internacionais, tem ainda criado redes para o interc\\u00e2mbio de experi\\u00eancias e coopera\\u00e7\\u00e3o sobre temas de interesse m\\u00fatuo relacionados com o desenvolvimento da regi\\u00e3o do Dan\\u00fabio.<\\\/p>\\n\n\n<p>O principal objetivo da BRCCI \\u00e9 fornecer valor acrescentado \\u00e0s empresas membros e a todas as entidades interessadas em desenvolver os seus neg\\u00f3cios nos dois mercados com o crescimento mais acelerado da UE.<\\\/p>\\n<\\\/div>\\n\n\n<div class=\\\"uk-margin-top\\\"><a class=\\\"el-link uk-button uk-button-primary\\\" href=\\\"https:\\\/\\\/www.brcci.eu\\\" target=\\\"_blank\\\" rel=\\\"noopener\\\">Website<\\\/a><\\\/div>\\n<\\\/div>\\n<\\\/div>\\n<\\\/div>\\n<\\\/div>\\n\n\n<div class=\\\"el-item\\\"><a class=\\\"el-title uk-accordion-title uk-text-success\\\" href=\\\"#\\\" aria-expanded=\\\"false\\\">CARDET \\u2013 Centre for Advancement of Research and Development in Educational Technology<\\\/a>\\n\n\n<div class=\\\"uk-accordion-content\\\" hidden=\\\"\\\">\\n\n\n<div class=\\\"uk-child-width-expand uk-grid-small uk-flex-middle uk-grid uk-grid-stack\\\" uk-grid=\\\"\\\">\\n\n\n<div class=\\\"uk-width-1-4@m uk-first-column\\\"><img src=\\\"\\\/wp-content\\\/uploads\\\/2022\\\/09\\\/CARDET_logo.png\\\" sizes=\\\"(min-width: 200px) 200px\\\" data-width=\\\"200\\\" data-height=\\\"261\\\" class=\\\"el-image\\\" alt=\\\"\\\" \\\/><\\\/div>\\n\n\n<div class=\\\"uk-margin-remove-first-child\\\">\\n\n\n<div class=\\\"el-content uk-panel uk-margin-top\\\">\\n\n\n<p>O CARDET \\u00e9 um dos principais centros de investiga\\u00e7\\u00e3o e de desenvolvimento na regi\\u00e3o do Mediterr\\u00e2neo, com experi\\u00eancia global na conce\\u00e7\\u00e3o e implementa\\u00e7\\u00e3o de projetos, desenvolvimento de compet\\u00eancias, educa\\u00e7\\u00e3o e forma\\u00e7\\u00e3o profissional e e-Learning. \\u00c9 afiliado independente de universidades e de institui\\u00e7\\u00f5es de todo o mundo, tais como a Universidade de Yale, a Universidade de Nic\\u00f3sia e o International Council of Educational Media.<\\\/p>\\n\n\n<p>O CARDET concluiu v\\u00e1rios projetos relacionados com o planeamento, desenvolvimento, capacita\\u00e7\\u00e3o, educa\\u00e7\\u00e3o e VET, o apoio a jovens, a educa\\u00e7\\u00e3o de adultos, a alfabetiza\\u00e7\\u00e3o, a cria\\u00e7\\u00e3o de ferramentas digitais, o e-Learning, a tecnologia educacional e a integra\\u00e7\\u00e3o social de idosos e grupos vulner\\u00e1veis.<\\\/p>\\n<\\\/div>\\n\n\n<div class=\\\"uk-margin-top\\\"><a class=\\\"el-link uk-button uk-button-primary\\\" href=\\\"https:\\\/\\\/www.cardet.org\\\" target=\\\"_blank\\\" rel=\\\"noopener\\\">Website<\\\/a><\\\/div>\\n<\\\/div>\\n<\\\/div>\\n<\\\/div>\\n<\\\/div>\\n\n\n<div class=\\\"el-item\\\"><a class=\\\"el-title uk-accordion-title uk-text-success\\\" href=\\\"#\\\" aria-expanded=\\\"false\\\">Future In Perspective Ltd<\\\/a>\\n\n\n<div class=\\\"uk-accordion-content\\\" hidden=\\\"\\\">\\n\n\n<div class=\\\"uk-child-width-expand uk-grid-small uk-flex-middle uk-grid uk-grid-stack\\\" uk-grid=\\\"\\\">\\n\n\n<div class=\\\"uk-width-1-4@m uk-first-column\\\"><img src=\\\"\\\/wp-content\\\/uploads\\\/2022\\\/09\\\/fip_logo.png\\\" sizes=\\\"(min-width: 200px) 200px\\\" data-width=\\\"200\\\" data-height=\\\"72\\\" class=\\\"el-image\\\" alt=\\\"\\\" \\\/><\\\/div>\\n\n\n<div class=\\\"uk-margin-remove-first-child\\\">\\n\n\n<div class=\\\"el-content uk-panel uk-margin-top\\\">\\n\n\n<p>A FIP \\u00e9 uma empresa privada com sede na regi\\u00e3o fronteiri\\u00e7a da Irlanda, especializada nas \\u00e1reas de educa\\u00e7\\u00e3o e de e-Learning, produ\\u00e7\\u00e3o de media, planeamento estrat\\u00e9gico, desenvolvimento e avalia\\u00e7\\u00e3o de neg\\u00f3cios. Atrav\\u00e9s do trabalho em projetos nacionais e financiados pela UE, envolve e apoia grupos locais, comunidades migrantes, idosos e indiv\\u00edduos que estiveram ausentes do sistema educativo para se reencontrarem com os prestadores de servi\\u00e7os com ofertas regulares de educa\\u00e7\\u00e3o e de forma\\u00e7\\u00e3o. Tamb\\u00e9m tem experi\\u00eancia em apoiar empresas em nichos de mercado, como os setores criativo, cultural, social e verde, para desenvolver modelos de neg\\u00f3cios sustent\\u00e1veis. Al\\u00e9m disso, colabora com os principais stakeholders para disponibilizar uma variedade de programas nas \\u00e1reas de produ\\u00e7\\u00e3o de media, digitaliza\\u00e7\\u00e3o, orienta\\u00e7\\u00e3o de carreira e mentoria, empreendedorismo, inclus\\u00e3o e diversidade.<\\\/p>\\n<\\\/div>\\n\n\n<div class=\\\"uk-margin-top\\\"><a class=\\\"el-link uk-button uk-button-primary\\\" href=\\\"http:\\\/\\\/www.futureinperspective.com\\\/\\\" target=\\\"_blank\\\" rel=\\\"noopener\\\">Website<\\\/a><\\\/div>\\n<\\\/div>\\n<\\\/div>\\n<\\\/div>\\n<\\\/div>\\n\n\n<div class=\\\"el-item\\\"><a class=\\\"el-title uk-accordion-title uk-text-success\\\" href=\\\"#\\\" aria-expanded=\\\"false\\\">KMOP \\u2013 Social Action and Innovation Centre<\\\/a>\\n\n\n<div class=\\\"uk-accordion-content\\\" hidden=\\\"\\\">\\n\n\n<div class=\\\"uk-child-width-expand uk-grid-small uk-flex-middle uk-grid uk-grid-stack\\\" uk-grid=\\\"\\\">\\n\n\n<div class=\\\"uk-width-1-4@m uk-first-column\\\"><img src=\\\"\\\/wp-content\\\/uploads\\\/2022\\\/09\\\/KMOP_logo.png\\\" sizes=\\\"(min-width: 200px) 200px\\\" data-width=\\\"200\\\" data-height=\\\"72\\\" class=\\\"el-image\\\" alt=\\\"\\\" \\\/><\\\/div>\\n\n\n<div class=\\\"uk-margin-remove-first-child\\\">\\n\n\n<div class=\\\"el-content uk-panel uk-margin-top\\\">\\n\n\n<p>A KMOP \\u00e9 uma organiza\\u00e7\\u00e3o sem fins lucrativos com sede em Atenas, Gr\\u00e9cia, com mais de 40 anos de experi\\u00eancia no desenvolvimento sustent\\u00e1vel, crescimento social, prote\\u00e7\\u00e3o dos direitos humanos, inclus\\u00e3o social e investiga\\u00e7\\u00e3o de pol\\u00edticas. Tem ampla experi\\u00eancia em \\u00e1reas como o bem-estar, empreendedorismo social e emprego, sistema de sa\\u00fade e prote\\u00e7\\u00e3o dos direitos humanos, pesquisa cient\\u00edfica e desenvolvimento de know-how em quest\\u00f5es de pol\\u00edtica social. O KMOP, enquanto um dos principais centros de a\\u00e7\\u00e3o social e inova\\u00e7\\u00e3o, trabalha com os principais atores dos setores p\\u00fablico e privado, bem como com a sociedade civil para conduzir interven\\u00e7\\u00f5es baseadas em conhecimento e orientadas para solu\\u00e7\\u00f5es que s\\u00e3o essenciais para promover a resili\\u00eancia das pessoas. Est\\u00e1 envolvida em projetos nacionais e da UE que abordam quest\\u00f5es sociais com foco na capacita\\u00e7\\u00e3o e na promo\\u00e7\\u00e3o dos direitos de jovens pouco qualificados e desempregados de longa dura\\u00e7\\u00e3o, capacita\\u00e7\\u00e3o, migra\\u00e7\\u00e3o, direitos das minorias, v\\u00edtimas de viol\\u00eancia e tr\\u00e1fico, v\\u00edtimas de bullying, idosos e pessoas com defici\\u00eancia.<\\\/p>\\n<\\\/div>\\n\n\n<div class=\\\"uk-margin-top\\\"><a class=\\\"el-link uk-button uk-button-primary\\\" href=\\\"https:\\\/\\\/www.kmop.gr\\\/\\\" target=\\\"_blank\\\" rel=\\\"noopener\\\">Website<\\\/a><\\\/div>\\n<\\\/div>\\n<\\\/div>\\n<\\\/div>\\n<\\\/div>\\n\n\n<div class=\\\"el-item\\\"><a class=\\\"el-title uk-accordion-title uk-text-success\\\" href=\\\"#\\\" aria-expanded=\\\"false\\\">SERN \\u2013 SWEDEN EMILIA ROMAGNA NETWORK<\\\/a>\\n\n\n<div class=\\\"uk-accordion-content\\\" hidden=\\\"\\\">\\n\n\n<div class=\\\"uk-child-width-expand uk-grid-small uk-flex-middle uk-grid uk-grid-stack\\\" uk-grid=\\\"\\\">\\n\n\n<div class=\\\"uk-width-1-4@m uk-first-column\\\"><img src=\\\"\\\/wp-content\\\/uploads\\\/2022\\\/09\\\/SERN_logo.png\\\" sizes=\\\"(min-width: 200px) 200px\\\" data-width=\\\"200\\\" data-height=\\\"197\\\" class=\\\"el-image\\\" alt=\\\"\\\" \\\/><\\\/div>\\n\n\n<div class=\\\"uk-margin-remove-first-child\\\">\\n\n\n<div class=\\\"el-content uk-panel uk-margin-top\\\">\\n\n\n<p>A SERN \\u00e9 uma das principais redes transnacionais da Europa, fomentando as rela\\u00e7\\u00f5es entre o norte e o sul da Europa e, em particular, entre a Su\\u00e9cia e a It\\u00e1lia. Como associa\\u00e7\\u00e3o transnacional sem fins lucrativos, apresenta algumas carater\\u00edsticas que a tornam singular. \\u00c9 a \\u00fanica rede bilateral da UE que re\\u00fane atores dos estados do Norte e do Sul, uma rede multin\\u00edvel onde diferentes n\\u00edveis de governan\\u00e7a interagem e colaboram. Est\\u00e1 aberta \\u00e0 sociedade civil e a atores privados. Desde a sua cria\\u00e7\\u00e3o, desenvolveu mais de 130 projetos ao n\\u00edvel europeu e impulsiona um processo cont\\u00ednuo de interc\\u00e2mbio e de coopera\\u00e7\\u00e3o entre suecos e italianos. Uma coopera\\u00e7\\u00e3o que, com a nova estrat\\u00e9gia, continuar\\u00e1 nos pr\\u00f3ximos sete anos rumo a comunidades mais inclusivas, cruciais para uma integra\\u00e7\\u00e3o europeia sustent\\u00e1vel, atrav\\u00e9s de servi\\u00e7os para grupos vulner\\u00e1veis, para uma cidadania ativa e educa\\u00e7\\u00e3o de qualidade.<\\\/p>\\n\n\n<p>A SERN promove tamb\\u00e9m comunidades digitalizadas, abertas e eficientes para as administra\\u00e7\\u00f5es p\\u00fablicas. O objetivo \\u00e9 fornecer compet\\u00eancias digitais para todos, que sejam verdes e sustent\\u00e1veis, com foco em a\\u00e7\\u00f5es que possam reduzir a vulnerabilidade aos efeitos das altera\\u00e7\\u00f5es clim\\u00e1ticas, potencializar o turismo sustent\\u00e1vel e a mobilidade inteligente.<\\\/p>\\n<\\\/div>\\n\n\n<div class=\\\"uk-margin-top\\\"><a class=\\\"el-link uk-button uk-button-primary\\\" href=\\\"https:\\\/\\\/www.sern.eu\\\/\\\" target=\\\"_blank\\\" rel=\\\"noopener\\\">Website<\\\/a><\\\/div>\\n<\\\/div>\\n<\\\/div>\\n<\\\/div>\\n<\\\/div>\\n\n\n<div class=\\\"el-item\\\"><a class=\\\"el-title uk-accordion-title uk-text-success\\\" href=\\\"#\\\" aria-expanded=\\\"false\\\">Innovade LI LTD, Cyprus<\\\/a>\\n\n\n<div class=\\\"uk-accordion-content\\\" hidden=\\\"\\\">\\n\n\n<div class=\\\"uk-child-width-expand uk-grid-small uk-flex-middle uk-grid uk-grid-stack\\\" uk-grid=\\\"\\\">\\n\n\n<div class=\\\"uk-width-1-4@m uk-first-column\\\"><img src=\\\"\\\/wp-content\\\/uploads\\\/2022\\\/09\\\/INNOVADE_logo.png\\\" sizes=\\\"(min-width: 200px) 200px\\\" data-width=\\\"200\\\" data-height=\\\"94\\\" class=\\\"el-image\\\" alt=\\\"\\\" \\\/><\\\/div>\\n\n\n<div class=\\\"uk-margin-remove-first-child\\\">\\n\n\n<div class=\\\"el-content uk-panel uk-margin-top\\\">\\n\n\n<p>A INNOVADE LI \\u00e9 uma PME sediada no Chipre, com uma equipa de profissionais com v\\u00e1rios anos de experi\\u00eancia em vis\\u00e3o estrat\\u00e9gica, desenvolvimento de neg\\u00f3cios, empreendedorismo social, tecnologia, inova\\u00e7\\u00e3o e no setor acad\\u00e9mico. Tem como objetivo auxiliar os clientes a definir as metas estrat\\u00e9gicas e a atingir os seus objetivos operacionais, disponibilizando apoio especializado. A INNOVADE LI trabalha com as organiza\\u00e7\\u00f5es para as ajudar a simplificar as ferramentas decorrentes dos avan\\u00e7os tecnol\\u00f3gicos e produtividade nos processos, para garantir um melhor desempenho e consequente aumento da produtividade e capacidade de gera\\u00e7\\u00e3o de lucro.<\\\/p>\\n<\\\/div>\\n\n\n<div class=\\\"uk-margin-top\\\"><a class=\\\"el-link uk-button uk-button-primary\\\" href=\\\"https:\\\/\\\/www.innovade.eu\\\/\\\" target=\\\"_blank\\\" rel=\\\"noopener\\\">Website<\\\/a><\\\/div>\\n<\\\/div>\\n<\\\/div>\\n<\\\/div>\\n<\\\/div>\\n\n\n<div class=\\\"el-item\\\"><a class=\\\"el-title uk-accordion-title uk-text-success\\\" href=\\\"#\\\" aria-expanded=\\\"false\\\">Mindshift Talent Advisory<\\\/a>\\n\n\n<div class=\\\"uk-accordion-content\\\" hidden=\\\"\\\">\\n\n\n<div class=\\\"uk-child-width-expand uk-grid-small uk-flex-middle uk-grid uk-grid-stack\\\" uk-grid=\\\"\\\">\\n\n\n<div class=\\\"uk-width-1-4@m uk-first-column\\\"><img src=\\\"\\\/wp-content\\\/uploads\\\/2022\\\/09\\\/Mindhift_logo.jpg\\\" sizes=\\\"(min-width: 200px) 200px\\\" data-width=\\\"200\\\" data-height=\\\"57\\\" class=\\\"el-image\\\" alt=\\\"\\\" \\\/><\\\/div>\\n\n\n<div class=\\\"uk-margin-remove-first-child\\\">\\n\n\n<div class=\\\"el-content uk-panel uk-margin-top\\\">\\n\n\n<p>A Mindshift \\u00e9 uma empresa de consultoria especializada em Recursos Humanos que aposta na performance e na qualifica\\u00e7\\u00e3o de compet\\u00eancias das pessoas, procurando potenciar a maturidade digital e interpessoal nas organiza\\u00e7\\u00f5es e na sociedade. Ao n\\u00edvel nacional, tem como um dos seus principais parceiros a The Key Talent Portugal, uma HR Tech Consulting especializada em Atra\\u00e7\\u00e3o Social e Avalia\\u00e7\\u00e3o de Talentos que desenvolve plataformas, como a Panorama e a AplyGo, que permitem otimizar, implementar e gerir solu\\u00e7\\u00f5es digitais \\u00e1geis, e processos atraentes de RH baseados em an\\u00e1lise de dados.<\\\/p>\\n\n\n<p>Ao n\\u00edvel europeu, \\u00e9 um parceiro estrat\\u00e9gico para o desenvolvimento de projetos de coopera\\u00e7\\u00e3o transnacional, com o objetivo de criar solu\\u00e7\\u00f5es inovadoras na \\u00e1rea da forma\\u00e7\\u00e3o de jovens e adultos, em seis \\u00e1reas-chave: upskilling\\\/reskilling; inclus\\u00e3o e empregabilidade, desenvolvimento sustent\\u00e1vel, capacita\\u00e7\\u00e3o de mulheres, empreendedorismo e criatividade e talento digital.<\\\/p>\\n\n\n<p>A Mindshift est\\u00e1 fortemente comprometida com os princ\\u00edpios da Responsabilidade Social e da Agenda 2030 para o Desenvolvimento Sustent\\u00e1vel, reunindo uma equipa de colaboradores com forma\\u00e7\\u00f5es e experi\\u00eancias profissionais diversificadas.<\\\/p>\\n<\\\/div>\\n\n\n<div class=\\\"uk-margin-top\\\"><a class=\\\"el-link uk-button uk-button-primary\\\" href=\\\"https:\\\/\\\/www.mindshift.pt\\\" target=\\\"_blank\\\" rel=\\\"noopener\\\">Website<\\\/a><\\\/div>\\n<\\\/div>\\n<\\\/div>\\n<\\\/div>\\n<\\\/div>\\n<\\\/div>\\n<\\\/div>\\n<\\\/li>\\n<\\\/ul>\"}}]}]}]}]}],\"version\":\"2.7.22\"} --><\/p>\n","protected":false},"excerpt":{"rendered":"<p>SOBRE O PROJETO SINOPSE O desemprego jovem tem vindo a aumentar na Europa devido \u00e0 crise pand\u00e9mica, com uma taxa m\u00e9dia de 18% entre os..<\/p>\n","protected":false},"author":1,"featured_media":0,"parent":0,"menu_order":0,"comment_status":"closed","ping_status":"closed","template":"","meta":{"inline_featured_image":false,"footnotes":""},"class_list":["post-734","page","type-page","status-publish","hentry"],"_links":{"self":[{"href":"https:\/\/empower-project.net\/pt-pt\/wp-json\/wp\/v2\/pages\/734","targetHints":{"allow":["GET"]}}],"collection":[{"href":"https:\/\/empower-project.net\/pt-pt\/wp-json\/wp\/v2\/pages"}],"about":[{"href":"https:\/\/empower-project.net\/pt-pt\/wp-json\/wp\/v2\/types\/page"}],"author":[{"embeddable":true,"href":"https:\/\/empower-project.net\/pt-pt\/wp-json\/wp\/v2\/users\/1"}],"replies":[{"embeddable":true,"href":"https:\/\/empower-project.net\/pt-pt\/wp-json\/wp\/v2\/comments?post=734"}],"version-history":[{"count":2,"href":"https:\/\/empower-project.net\/pt-pt\/wp-json\/wp\/v2\/pages\/734\/revisions"}],"predecessor-version":[{"id":742,"href":"https:\/\/empower-project.net\/pt-pt\/wp-json\/wp\/v2\/pages\/734\/revisions\/742"}],"wp:attachment":[{"href":"https:\/\/empower-project.net\/pt-pt\/wp-json\/wp\/v2\/media?parent=734"}],"curies":[{"name":"wp","href":"https:\/\/api.w.org\/{rel}","templated":true}]}}