{"id":890,"date":"2022-02-24T14:11:37","date_gmt":"2022-02-24T14:11:37","guid":{"rendered":"https:\/\/empower-project.net\/about\/"},"modified":"2023-01-30T11:21:44","modified_gmt":"2023-01-30T11:21:44","slug":"about","status":"publish","type":"page","link":"https:\/\/empower-project.net\/it\/about\/","title":{"rendered":"About"},"content":{"rendered":"<h1>IL PROGETTO<\/h1>\n<ul>\n<li>\n<h3>Panoramica del progetto<\/h3>\n<div>\n<p><span>La disoccupazione giovanile \u00e8 aumentata in Europa a causa della crisi pandemica, con un tasso medio del 18% tra i Paesi dell&#8217;UE negli ultimi mesi, creando nuovi ostacoli e difficolt\u00e0 per i giovani imprenditori e le imprese sociali. \u00c8 importante notare che mancano le conoscenze, la ricerca e gli strumenti necessari per aiutare questa transizione nel settore giovanile. Le sfide affrontate dagli imprenditori sociali riguardano la trasmissione delle loro idee imprenditoriali, la collaborazione intersettoriale, i finanziamenti e il crowdfunding, le politiche governative, il mantenimento della qualit\u00e0, la valutazione dell&#8217;impatto, le forze competitive e l&#8217;acquisizione della tecnologia.<\/span><\/p>\n<p><span>A questo proposito, la sostenibilit\u00e0\/scalabilit\u00e0 delle imprese sociali \u00e8 una sfida continua con diversi conflitti riguardo alla formula ideale per raggiungere questo obiettivo. Poich\u00e9 si prevede che questo modello di business diventer\u00e0 parte integrante dell&#8217;economia europea nei prossimi anni, il progetto EMPOWER mira a promuovere la sostenibilit\u00e0 e la scalabilit\u00e0 delle imprese sociali nuove ed esistenti e a sostenere i giovani imprenditori attraverso lo sviluppo di nuovi partenariati di apprendimento tra il mondo del lavoro e il mondo dell&#8217;offerta giovanile. Il materiale formativo sar\u00e0 incentrato sulle esigenze e le opportunit\u00e0 dei giovani e dei giovani imprenditori di affrontare le sfide e identificare i problemi per sfruttare le opportunit\u00e0 nelle comunit\u00e0 di mercato emergenti.<\/span><\/p>\n<\/div>\n<\/li>\n<li>\n<h3>Finalit\u00e0 + Obiettivi<\/h3>\n<div>\n<h4><strong>Finalit\u00e0 <\/strong><\/h4>\n<p>Il progetto EMPOWER mira a promuovere la sostenibilit\u00e0 e la scalabilit\u00e0 delle imprese sociali nuove ed esistenti e a sostenere i giovani imprenditori attraverso lo sviluppo di nuovi partenariati di apprendimento tra il mondo del lavoro e quello dell&#8217;assistenza ai giovani.<\/p>\n<h4><strong>Obiettivi<\/strong><\/h4>\n<ul>\n<li>Costruire la capacit\u00e0 degli operatori giovanili in prima linea attraverso un pacchetto di formazione su misura.<\/li>\n<li>Sostenere i proprietari di imprese sociali, PMI e giovani imprenditori attraverso materiale formativo su misura.<\/li>\n<li>Migliorare le competenze di imprenditorialit\u00e0 digitale dei giovani imprenditori e dei giovani.<\/li>\n<li>Sviluppare un&#8217;ampia gamma di conoscenze, abilit\u00e0 e attitudini adeguate alle esigenze dei giovani e dei giovani imprenditori.<\/li>\n<li>Migliorare le sinergie e le complementariet\u00e0 tra le principali parti interessate e il mercato del lavoro.\n<\/li>\n<\/ul>\n<\/div>\n<\/li>\n<li>\n<h3>Metodologia<\/h3>\n<div>\n<p><span>La metodologia del materiale EMPOWER combina l&#8217;apprendimento autentico, il supporto tra pari, l&#8217;alfabetizzazione digitale, l&#8217;uso di strumenti informatici e le visite di studio. Il contenuto della formazione comprende, tra l&#8217;altro, l&#8217;imprenditorialit\u00e0 digitale, i metodi innovativi contemporanei con l&#8217;uso di strumenti digitali, l&#8217;uso dell&#8217;esperienza EMPOWER, la valutazione delle competenze, gli strumenti e le procedure di riconoscimento e convalida, le metodologie di coaching\/counseling su misura, gli strumenti per aumentare l&#8217;autoefficacia e la motivazione, le tecniche di ricerca del lavoro, di orientamento e di self-marketing, in particolare nel campo del mercato digitale.<\/span><\/p>\n<\/div>\n<\/li>\n<li>\n<h3>Partners<\/h3>\n<div>\n<ul id=\"js-d008\" class=\"uk-switcher\" uk-height-match=\"row: false\" style=\"touch-action: pan-y pinch-zoom;\">\n<li class=\"el-item uk-margin-remove-first-child uk-active\" style=\"\">\n<div class=\"el-content uk-panel uk-margin-top\">\n<div uk-accordion=\"collapsible: true;\" class=\"partners-accordion uk-margin uk-accordion\">\n<div class=\"el-item\"><a class=\"el-title uk-accordion-title uk-text-success\" href=\"#\" aria-expanded=\"false\">Camera di Commercio e Industria bulgaro-romena (BRCCI)<\/a><\/p>\n<div class=\"uk-accordion-content\" hidden=\"\">\n<div class=\"uk-child-width-expand uk-grid-small uk-flex-middle uk-grid uk-grid-stack\" uk-grid=\"\">\n<div class=\"uk-width-1-4@m uk-first-column\"><img decoding=\"async\" src=\"\/wp-content\/uploads\/2022\/09\/BRCCI_logo.jpg\"  sizes=\"(min-width: 200px) 200px\" data-width=\"200\" data-height=\"155\" class=\"el-image\" alt=\"\"><\/div>\n<div class=\"uk-margin-remove-first-child\">\n<div class=\"el-content uk-panel uk-margin-top\">\n<p>La Camera di Commercio e Industria bulgaro-romena (BRCCI) \u00e8 un&#8217;associazione privata senza scopo di lucro di aziende interessate a sviluppare la propria attivit\u00e0 in Bulgaria e\/o Romania. La Camera dispone delle risorse e dell&#8217;esperienza necessarie per assistere con informazioni, consigli e consulenze di mercato tutte le aziende che intendono sviluppare la propria attivit\u00e0 in Bulgaria e Romania. La BRCCI realizza numerose attivit\u00e0 e progetti nei settori della promozione dell&#8217;imprenditorialit\u00e0, dell&#8217;istruzione e formazione professionale, del sostegno ai giovani, del turismo, della tutela dell&#8217;ambiente, dell&#8217;innovazione per le PMI, della bioenergia, della navigazione interna. La Camera fornisce studi di mercato, attivit\u00e0 di ricerca, analisi dei settori con potenziale di sviluppo, servizi su misura e mediazione per la presentazione delle imprese bulgare in Romania e rumene in Bulgaria attraverso missioni commerciali specializzate, eventi di rete, formazione e seminari su temi attuali della vita economica, partecipazione a mostre e molto altro. Insieme alle istituzioni e alle organizzazioni internazionali, \u00e8 stata costruita la capacit\u00e0 di progetti comuni per lo scambio di esperienze e la cooperazione su temi di interesse reciproco legati allo sviluppo della regione danubiana. L&#8217;obiettivo principale del BRCCI \u00e8 fornire un valore aggiunto alle aziende associate e a tutte le entit\u00e0 interessate a sviluppare la propria attivit\u00e0 nei due mercati dell&#8217;UE in pi\u00f9 rapida crescita.<\/p>\n<\/p><\/div>\n<div class=\"uk-margin-top\"><a class=\"el-link uk-button uk-button-primary\" href=\"https:\/\/www.brcci.eu\" target=\"_blank\" rel=\"noopener\">Sito web<\/a><\/div>\n<\/p><\/div>\n<\/p><\/div>\n<\/p><\/div>\n<\/p><\/div>\n<div class=\"el-item\"><a class=\"el-title uk-accordion-title uk-text-success\" href=\"#\" aria-expanded=\"false\">CARDET &#8211; Centro per l&#8217;avanzamento della ricerca e dello sviluppo delle tecnologie educative<\/a><\/p>\n<div class=\"uk-accordion-content\" hidden=\"\">\n<div class=\"uk-child-width-expand uk-grid-small uk-flex-middle uk-grid uk-grid-stack\" uk-grid=\"\">\n<div class=\"uk-width-1-4@m uk-first-column\"><img decoding=\"async\" src=\"\/wp-content\/uploads\/2022\/09\/CARDET_logo.png\" sizes=\"(min-width: 200px) 200px\" data-width=\"200\" data-height=\"261\" class=\"el-image\" alt=\"\"><\/div>\n<div class=\"uk-margin-remove-first-child\">\n<div class=\"el-content uk-panel uk-margin-top\">\n<p>CARDET (Centre for Advancement of Research and Development in Educational Technology) \u00e8 un&#8217;organizzazione di ricerca e sviluppo indipendente, non governativa e senza scopo di lucro con sede a Cipro. \u00c8 uno dei principali centri di ricerca e sviluppo della regione euromediterranea, con un&#8217;esperienza globale nella progettazione e nell&#8217;implementazione di progetti, nello sviluppo di capacit\u00e0 e nell&#8217;e-learning. Il CARDET \u00e8 affiliato in modo indipendente a universit\u00e0 e istituzioni di tutto il mondo, come l&#8217;Universit\u00e0 di Yale, l&#8217;Universit\u00e0 di Nicosia e l&#8217;International Council of Educational Media. CARDET ha portato a termine numerosi progetti relativi allo sviluppo delle capacit\u00e0 e alla pianificazione nel campo dell&#8217;istruzione e della formazione professionale, al sostegno dei giovani, all&#8217;apprendimento degli adulti, all&#8217;alfabetizzazione, agli strumenti digitali, all&#8217;e-learning, alla tecnologia educativa e all&#8217;integrazione sociale dei gruppi emarginati e degli anziani.<\/p>\n<\/p><\/div>\n<div class=\"uk-margin-top\"><a class=\"el-link uk-button uk-button-primary\" href=\"https:\/\/www.cardet.org\" target=\"_blank\" rel=\"noopener\">Sito web<\/a><\/div>\n<\/p><\/div>\n<\/p><\/div>\n<\/p><\/div>\n<\/p><\/div>\n<div class=\"el-item\"><a class=\"el-title uk-accordion-title uk-text-success\" href=\"#\" aria-expanded=\"false\">Future In Perspective Ltd<\/a><\/p>\n<div class=\"uk-accordion-content\" hidden=\"\">\n<div class=\"uk-child-width-expand uk-grid-small uk-flex-middle uk-grid uk-grid-stack\" uk-grid=\"\">\n<div class=\"uk-width-1-4@m uk-first-column\"><img decoding=\"async\" src=\"\/wp-content\/uploads\/2022\/09\/fip_logo.png\" sizes=\"(min-width: 200px) 200px\" data-width=\"200\" data-height=\"72\" class=\"el-image\" alt=\"\"><\/div>\n<div class=\"uk-margin-remove-first-child\">\n<div class=\"el-content uk-panel uk-margin-top\">\n<p>Future In Perspective Ltd. \u00e8 una societ\u00e0 privata con sede nella regione di confine dell&#8217;Irlanda, specializzata nei settori dell&#8217;istruzione e dell&#8217;e-learning, della produzione di media, della pianificazione strategica e dello sviluppo e valutazione aziendale. Attraverso il nostro lavoro su progetti nazionali e finanziati dall&#8217;UE, abbiamo coinvolto e sostenuto gruppi locali, comunit\u00e0 di immigrati, persone anziane e individui che sono stati assenti dall&#8217;istruzione a rientrare in contatto con i fornitori di servizi e con le offerte di istruzione e formazione tradizionali. Abbiamo anche esperienza nel sostenere le imprese in mercati di nicchia come i settori creativo, culturale, sociale e verde per sviluppare modelli di business sostenibili. Inoltre, collaboriamo con i principali stakeholder per offrire una serie di programmi diversificati nelle aree della produzione mediatica, della digitalizzazione, dell&#8217;orientamento professionale e del mentoring, dell&#8217;imprenditorialit\u00e0, dell&#8217;inclusione e della diversit\u00e0.<\/p>\n<\/p><\/div>\n<div class=\"uk-margin-top\"><a class=\"el-link uk-button uk-button-primary\" href=\"http:\/\/www.futureinperspective.com\/\" target=\"_blank\" rel=\"noopener\">Sito web<\/a><\/div>\n<\/p><\/div>\n<\/p><\/div>\n<\/p><\/div>\n<\/p><\/div>\n<div class=\"el-item\"><a class=\"el-title uk-accordion-title uk-text-success\" href=\"#\" aria-expanded=\"false\">KMOP \u2013 Social Action and Innovation Centre<\/a><\/p>\n<div class=\"uk-accordion-content\" hidden=\"\">\n<div class=\"uk-child-width-expand uk-grid-small uk-flex-middle uk-grid uk-grid-stack\" uk-grid=\"\">\n<div class=\"uk-width-1-4@m uk-first-column\"><img decoding=\"async\" src=\"\/wp-content\/uploads\/2022\/09\/KMOP_logo.png\" sizes=\"(min-width: 200px) 200px\" data-width=\"200\" data-height=\"72\" class=\"el-image\" alt=\"\"><\/div>\n<div class=\"uk-margin-remove-first-child\">\n<div class=\"el-content uk-panel uk-margin-top\">\n<p>KMOP &#8211; Social Action and Innovation Centre \u00e8 un&#8217;organizzazione no-profit con sede ad Atene, in Grecia, con oltre 40 anni di esperienza nel campo dello sviluppo sostenibile, della crescita sociale, della tutela dei diritti umani, dell&#8217;inclusione sociale e della ricerca politica. KMOP ha una vasta esperienza in materia di assistenza sociale, imprenditoria sociale e occupazione, sistema sanitario e tutela dei diritti umani, ricerca scientifica e sviluppo di know-how in materia di politiche sociali. In qualit\u00e0 di centro leader per l&#8217;azione sociale e l&#8217;innovazione, KMOP collabora con i principali attori del settore pubblico e privato, nonch\u00e9 con la societ\u00e0 civile, per promuovere interventi orientati alla soluzione e basati sulla conoscenza, essenziali per favorire la resilienza delle persone. \u00c8 coinvolto in progetti nazionali e dell&#8217;UE\/internazionali che affrontano questioni sociali incentrate sul rafforzamento delle capacit\u00e0 e sulla promozione dei diritti dei giovani poco qualificati e dei disoccupati di lunga durata, sull&#8217;empowerment, sulla migrazione, sui diritti delle minoranze, sulle vittime della violenza e della tratta, sulle vittime del bullismo, sugli anziani e sui disabili.<\/p>\n<\/p><\/div>\n<div class=\"uk-margin-top\"><a class=\"el-link uk-button uk-button-primary\" href=\"https:\/\/www.kmop.gr\/\" target=\"_blank\" rel=\"noopener\">Sito web<\/a><\/div>\n<\/p><\/div>\n<\/p><\/div>\n<\/p><\/div>\n<\/p><\/div>\n<div class=\"el-item\"><a class=\"el-title uk-accordion-title uk-text-success\" href=\"#\" aria-expanded=\"false\">SERN \u2013 SWEDEN EMILIA ROMAGNA NETWORK<\/a><\/p>\n<div class=\"uk-accordion-content\" hidden=\"\">\n<div class=\"uk-child-width-expand uk-grid-small uk-flex-middle uk-grid uk-grid-stack\" uk-grid=\"\">\n<div class=\"uk-width-1-4@m uk-first-column\"><img decoding=\"async\" src=\"\/wp-content\/uploads\/2022\/09\/SERN_logo.png\" sizes=\"(min-width: 200px) 200px\" data-width=\"200\" data-height=\"197\" class=\"el-image\" alt=\"\"><\/div>\n<div class=\"uk-margin-remove-first-child\">\n<div class=\"el-content uk-panel uk-margin-top\">\n<p>Il SERN \u00e8 una delle principali reti transnazionali in Europa che promuove le relazioni tra il Nord e il Sud dell&#8217;Europa e in particolare tra Svezia e Italia. In quanto associazione transnazionale senza scopo di lucro, il SERN ha tre caratteristiche che lo rendono unico:<br \/>\n                                    \u00c8 l&#8217;unica rete bilaterale dell&#8217;Unione europea che riunisce attori degli Stati del Nord e del Sud. \u00c8 una rete multilivello in cui interagiscono e collaborano diversi livelli di governo. \u00c8 aperta alla societ\u00e0 civile e agli attori privati. Dalla sua creazione, la rete ha sviluppato pi\u00f9 di 130 progetti a livello europeo e sta guidando un continuo processo di scambio e cooperazione tra svedesi e italiani. Una cooperazione che, con la nuova strategia, proseguir\u00e0 nei prossimi sette anni verso comunit\u00e0 pi\u00f9 inclusive, cruciali per un&#8217;integrazione europea sostenibile, attraverso servizi per i gruppi vulnerabili, cittadinanza attiva e istruzione di qualit\u00e0. Comunit\u00e0 che siano anche digitalizzate, con amministrazioni pubbliche aperte ed efficienti e competenze digitali per tutti; che siano verdi e sostenibili, puntando su azioni per ridurre la vulnerabilit\u00e0 agli effetti del cambiamento climatico, per valorizzare il turismo sostenibile e la mobilit\u00e0 intelligente.\n                                    <\/p>\n<\/p><\/div>\n<div class=\"uk-margin-top\"><a class=\"el-link uk-button uk-button-primary\" href=\"https:\/\/www.sern.eu\/\" target=\"_blank\" rel=\"noopener\">Sito web<\/a><\/div>\n<\/p><\/div>\n<\/p><\/div>\n<\/p><\/div>\n<\/p><\/div>\n<div class=\"el-item\"><a class=\"el-title uk-accordion-title uk-text-success\" href=\"#\" aria-expanded=\"false\">Innovade LI LTD, Cyprus<\/a><\/p>\n<div class=\"uk-accordion-content\" hidden=\"\">\n<div class=\"uk-child-width-expand uk-grid-small uk-flex-middle uk-grid uk-grid-stack\" uk-grid=\"\">\n<div class=\"uk-width-1-4@m uk-first-column\"><img decoding=\"async\" src=\"\/wp-content\/uploads\/2022\/09\/INNOVADE_logo.png\" sizes=\"(min-width: 200px) 200px\" data-width=\"200\" data-height=\"94\" class=\"el-image\" alt=\"\"><\/div>\n<div class=\"uk-margin-remove-first-child\">\n<div class=\"el-content uk-panel uk-margin-top\">\n<p>INNOVADE LI \u00e8 una PMI con sede a Cipro, composta da un team di professionisti con diversi anni di esperienza nei settori della visione strategica, dello sviluppo aziendale, dell&#8217;imprenditoria sociale, della tecnologia, dell&#8217;innovazione e del mondo accademico. Il suo obiettivo \u00e8 assistere i clienti nella definizione e nel raggiungimento dei loro obiettivi strategici e nella realizzazione dei loro obiettivi operativi, fornendo un livello ineguagliabile di supporto specialistico. INNOVADE LI collabora con le organizzazioni per aiutarle a ottimizzare i progressi tecnologici e gli strumenti di produttivit\u00e0 nei loro processi per garantire il miglioramento delle prestazioni e l&#8217;aumento della produttivit\u00e0 e della redditivit\u00e0.<\/p>\n<\/p><\/div>\n<div class=\"uk-margin-top\"><a class=\"el-link uk-button uk-button-primary\" href=\"https:\/\/www.innovade.eu\/\" target=\"_blank\" rel=\"noopener\">Sito web<\/a><\/div>\n<\/p><\/div>\n<\/p><\/div>\n<\/p><\/div>\n<\/p><\/div>\n<div class=\"el-item\"><a class=\"el-title uk-accordion-title uk-text-success\" href=\"#\" aria-expanded=\"false\">Mindshift Talent Advisory<\/a><\/p>\n<div class=\"uk-accordion-content\" hidden=\"\">\n<div class=\"uk-child-width-expand uk-grid-small uk-flex-middle uk-grid uk-grid-stack\" uk-grid=\"\">\n<div class=\"uk-width-1-4@m uk-first-column\"><img decoding=\"async\" src=\"\/wp-content\/uploads\/2022\/09\/Mindhift_logo.jpg\" sizes=\"(min-width: 200px) 200px\" data-width=\"200\" data-height=\"57\" class=\"el-image\" alt=\"\"><\/div>\n<div class=\"uk-margin-remove-first-child\">\n<div class=\"el-content uk-panel uk-margin-top\">\n<p>Mindshift \u00e8 una societ\u00e0 di consulenza specializzata in Risorse Umane che investe nella performance e nell&#8217;aggiornamento delle competenze delle persone, cercando di aumentare la maturit\u00e0 digitale e interpersonale delle organizzazioni e della societ\u00e0. A livello nazionale, MINDSHIFT ha tra i suoi partner principali Key Talent Portugal, una HR Tech Consulting specializzata in Social Attraction e Talent Assessment che sviluppa piattaforme, come Panorama e AplyGo, che permettono di ottimizzare, implementare e gestire processi HR digitali, agili e attrattivi basati sull&#8217;analisi dei dati.\n                                    <\/p>\n<p>\n                                    A livello europeo, siamo un partner strategico per lo sviluppo di progetti di cooperazione transnazionale che mirano a creare soluzioni innovative nell&#8217;area della formazione dei giovani e degli adulti, in sei aree chiave: upskilling e reskilling, inclusione e occupabilit\u00e0, sviluppo sostenibile, empowerment delle donne, imprenditorialit\u00e0 e creativit\u00e0 e talento digitale.\n                                    <\/p>\n<p>\n                                    Mindshift \u00e8 fortemente impegnata nel rispetto dei principi di responsabilit\u00e0 sociale e dell&#8217;Agenda 2030 per lo sviluppo sostenibile e riunisce un team di collaboratori con diversi background ed esperienze professionali.\n                                        <\/p>\n<\/p><\/div>\n<div class=\"uk-margin-top\"><a class=\"el-link uk-button uk-button-primary\" href=\"https:\/\/www.mindshift.pt\" target=\"_blank\" rel=\"noopener\">Sito web<\/a><\/div>\n<\/p><\/div>\n<\/p><\/div>\n<\/p><\/div>\n<\/p><\/div>\n<\/p><\/div>\n<\/p><\/div>\n<\/li>\n<\/ul>\n<\/div>\n<\/li>\n<\/ul>\n<p><!--more--><br \/>\n<!-- {\"type\":\"layout\",\"children\":[{\"type\":\"section\",\"props\":{\"style\":\"default\",\"width\":\"default\",\"vertical_align\":\"middle\",\"title_position\":\"top-left\",\"title_rotation\":\"left\",\"title_breakpoint\":\"xl\",\"image_position\":\"center-center\",\"padding_remove_top\":true,\"height\":\"expand\"},\"children\":[{\"type\":\"row\",\"children\":[{\"type\":\"column\",\"props\":{\"position_sticky_breakpoint\":\"m\",\"image_position\":\"center-center\",\"media_overlay_gradient\":\"\"},\"children\":[{\"type\":\"headline\",\"props\":{\"title_element\":\"h1\",\"title_style\":\"h3\",\"title_color\":\"secondary\",\"text_align\":\"left\",\"content\":\"IL PROGETTO\",\"margin_remove_bottom\":true,\"class\":\"page-header about-header\"},\"name\":\"headline-pages\"},{\"type\":\"switcher\",\"props\":{\"show_title\":true,\"show_meta\":true,\"show_content\":true,\"show_image\":true,\"show_link\":true,\"show_label\":true,\"show_thumbnail\":true,\"switcher_animation\":\"fade\",\"switcher_height\":true,\"nav\":\"tab\",\"nav_position\":\"top\",\"nav_align\":\"left\",\"nav_grid_width\":\"auto\",\"nav_grid_breakpoint\":\"m\",\"thumbnav_svg_color\":\"emphasis\",\"title_element\":\"h3\",\"title_align\":\"top\",\"title_grid_width\":\"1-2\",\"title_grid_breakpoint\":\"m\",\"meta_style\":\"meta\",\"meta_align\":\"below-title\",\"meta_element\":\"div\",\"content_column_breakpoint\":\"m\",\"image_svg_color\":\"\",\"image_align\":\"top\",\"image_grid_width\":\"1-2\",\"image_grid_breakpoint\":\"m\",\"thumbnav_width\":\"100\",\"thumbnav_height\":\"75\",\"link_text\":\"Read more\",\"link_style\":\"default\",\"margin\":\"medium\",\"image_width\":\"50px\",\"image_height\":\"50px\",\"image_svg_inline\":true,\"class\":\"custom-tabs about-tabs\",\"margin_remove_bottom\":true},\"children\":[{\"type\":\"switcher_item\",\"props\":{\"title\":\"Panoramica del progetto\",\"content\":\"\n\n<p><span>La disoccupazione giovanile \\u00e8 aumentata in Europa a causa della crisi pandemica, con un tasso medio del 18% tra i Paesi dell'UE negli ultimi mesi, creando nuovi ostacoli e difficolt\\u00e0 per i giovani imprenditori e le imprese sociali. \\u00c8 importante notare che mancano le conoscenze, la ricerca e gli strumenti necessari per aiutare questa transizione nel settore giovanile. Le sfide affrontate dagli imprenditori sociali riguardano la trasmissione delle loro idee imprenditoriali, la collaborazione intersettoriale, i finanziamenti e il crowdfunding, le politiche governative, il mantenimento della qualit\\u00e0, la valutazione dell'impatto, le forze competitive e l'acquisizione della tecnologia.<\\\/span><\\\/p>\\n\n\n<p><span>A questo proposito, la sostenibilit\\u00e0\\\/scalabilit\\u00e0 delle imprese sociali \\u00e8 una sfida continua con diversi conflitti riguardo alla formula ideale per raggiungere questo obiettivo. Poich\\u00e9 si prevede che questo modello di business diventer\\u00e0 parte integrante dell'economia europea nei prossimi anni, il progetto EMPOWER mira a promuovere la sostenibilit\\u00e0 e la scalabilit\\u00e0 delle imprese sociali nuove ed esistenti e a sostenere i giovani imprenditori attraverso lo sviluppo di nuovi partenariati di apprendimento tra il mondo del lavoro e il mondo dell'offerta giovanile. Il materiale formativo sar\\u00e0 incentrato sulle esigenze e le opportunit\\u00e0 dei giovani e dei giovani imprenditori di affrontare le sfide e identificare i problemi per sfruttare le opportunit\\u00e0 nelle comunit\\u00e0 di mercato emergenti.<\\\/span><\\\/p>\",\"image\":\"\",\"image_alt\":\"Project overview\"}},{\"type\":\"switcher_item\",\"props\":{\"title\":\"Finalit\\u00e0 + Obiettivi\",\"content\":\"\n\n<h4><strong>Finalit\\u00e0 <\\\/strong><\\\/h4>\\n\n\n<p>Il progetto EMPOWER mira a promuovere la sostenibilit\\u00e0 e la scalabilit\\u00e0 delle imprese sociali nuove ed esistenti e a sostenere i giovani imprenditori attraverso lo sviluppo di nuovi partenariati di apprendimento tra il mondo del lavoro e quello dell'assistenza ai giovani.<\\\/p>\\n\n\n<h4><strong>Obiettivi<\\\/strong><\\\/h4>\\n\n\n<ul>\\n\n\n<li>Costruire la capacit\\u00e0 degli operatori giovanili in prima linea attraverso un pacchetto di formazione su misura.<\\\/li>\\n\n\n<li>Sostenere i proprietari di imprese sociali, PMI e giovani imprenditori attraverso materiale formativo su misura.<\\\/li>\\n\n\n<li>Migliorare le competenze di imprenditorialit\\u00e0 digitale dei giovani imprenditori e dei giovani.<\\\/li>\\n\n\n<li>Sviluppare un'ampia gamma di conoscenze, abilit\\u00e0 e attitudini adeguate alle esigenze dei giovani e dei giovani imprenditori.<\\\/li>\\n\n\n<li>Migliorare le sinergie e le complementariet\\u00e0 tra le principali parti interessate e il mercato del lavoro.<br \\\/><br \\\/><\\\/li>\\n<\\\/ul>\"}},{\"type\":\"switcher_item\",\"props\":{\"title\":\"Metodologia\",\"content\":\"\n\n<p><span>La metodologia del materiale EMPOWER combina l'apprendimento autentico, il supporto tra pari, l'alfabetizzazione digitale, l'uso di strumenti informatici e le visite di studio. Il contenuto della formazione comprende, tra l'altro, l'imprenditorialit\\u00e0 digitale, i metodi innovativi contemporanei con l'uso di strumenti digitali, l'uso dell'esperienza EMPOWER, la valutazione delle competenze, gli strumenti e le procedure di riconoscimento e convalida, le metodologie di coaching\\\/counseling su misura, gli strumenti per aumentare l'autoefficacia e la motivazione, le tecniche di ricerca del lavoro, di orientamento e di self-marketing, in particolare nel campo del mercato digitale.<\\\/span><\\\/p>\"}},{\"type\":\"switcher_item\",\"props\":{\"title\":\"Partners\",\"content\":\"\n\n<ul id=\\\"js-d008\\\" class=\\\"uk-switcher\\\" uk-height-match=\\\"row: false\\\" style=\\\"touch-action: pan-y pinch-zoom;\\\">\\n   \\n    \n\n<li class=\\\"el-item uk-margin-remove-first-child uk-active\\\" style=\\\"\\\">\\n        \n\n<div class=\\\"el-content uk-panel uk-margin-top\\\">\\n            \n\n<div uk-accordion=\\\"collapsible: true;\\\" class=\\\"partners-accordion uk-margin uk-accordion\\\">\\n                \n\n<div class=\\\"el-item\\\"><a class=\\\"el-title uk-accordion-title uk-text-success\\\" href=\\\"#\\\" aria-expanded=\\\"false\\\">Camera di Commercio e Industria bulgaro-romena (BRCCI)<\\\/a>\\n                    \n\n<div class=\\\"uk-accordion-content\\\" hidden=\\\"\\\">\\n                        \n\n<div class=\\\"uk-child-width-expand uk-grid-small uk-flex-middle uk-grid uk-grid-stack\\\" uk-grid=\\\"\\\">\\n                            \n\n<div class=\\\"uk-width-1-4@m uk-first-column\\\"><img src=\\\"\\\/wp-content\\\/uploads\\\/2022\\\/09\\\/BRCCI_logo.jpg\\\"  sizes=\\\"(min-width: 200px) 200px\\\" data-width=\\\"200\\\" data-height=\\\"155\\\" class=\\\"el-image\\\" alt=\\\"\\\"><\\\/div>\\n                            \n\n<div class=\\\"uk-margin-remove-first-child\\\">\\n                                \n\n<div class=\\\"el-content uk-panel uk-margin-top\\\">\\n                                    \n\n<p>La Camera di Commercio e Industria bulgaro-romena (BRCCI) \\u00e8 un'associazione privata senza scopo di lucro di aziende interessate a sviluppare la propria attivit\\u00e0 in Bulgaria e\\\/o Romania. La Camera dispone delle risorse e dell'esperienza necessarie per assistere con informazioni, consigli e consulenze di mercato tutte le aziende che intendono sviluppare la propria attivit\\u00e0 in Bulgaria e Romania. La BRCCI realizza numerose attivit\\u00e0 e progetti nei settori della promozione dell'imprenditorialit\\u00e0, dell'istruzione e formazione professionale, del sostegno ai giovani, del turismo, della tutela dell'ambiente, dell'innovazione per le PMI, della bioenergia, della navigazione interna. La Camera fornisce studi di mercato, attivit\\u00e0 di ricerca, analisi dei settori con potenziale di sviluppo, servizi su misura e mediazione per la presentazione delle imprese bulgare in Romania e rumene in Bulgaria attraverso missioni commerciali specializzate, eventi di rete, formazione e seminari su temi attuali della vita economica, partecipazione a mostre e molto altro. Insieme alle istituzioni e alle organizzazioni internazionali, \\u00e8 stata costruita la capacit\\u00e0 di progetti comuni per lo scambio di esperienze e la cooperazione su temi di interesse reciproco legati allo sviluppo della regione danubiana. L'obiettivo principale del BRCCI \\u00e8 fornire un valore aggiunto alle aziende associate e a tutte le entit\\u00e0 interessate a sviluppare la propria attivit\\u00e0 nei due mercati dell'UE in pi\\u00f9 rapida crescita.<\\\/p>\\n                                <\\\/div>\\n                                \n\n<div class=\\\"uk-margin-top\\\"><a class=\\\"el-link uk-button uk-button-primary\\\" href=\\\"https:\\\/\\\/www.brcci.eu\\\" target=\\\"_blank\\\" rel=\\\"noopener\\\">Sito web<\\\/a><\\\/div>\\n                            <\\\/div>\\n                        <\\\/div>\\n                    <\\\/div>\\n                <\\\/div>\\n\\n                \n\n<div class=\\\"el-item\\\"><a class=\\\"el-title uk-accordion-title uk-text-success\\\" href=\\\"#\\\" aria-expanded=\\\"false\\\">CARDET - Centro per l'avanzamento della ricerca e dello sviluppo delle tecnologie educative<\\\/a>\\n                    \n\n<div class=\\\"uk-accordion-content\\\" hidden=\\\"\\\">\\n                        \n\n<div class=\\\"uk-child-width-expand uk-grid-small uk-flex-middle uk-grid uk-grid-stack\\\" uk-grid=\\\"\\\">\\n                            \n\n<div class=\\\"uk-width-1-4@m uk-first-column\\\"><img src=\\\"\\\/wp-content\\\/uploads\\\/2022\\\/09\\\/CARDET_logo.png\\\" sizes=\\\"(min-width: 200px) 200px\\\" data-width=\\\"200\\\" data-height=\\\"261\\\" class=\\\"el-image\\\" alt=\\\"\\\"><\\\/div>\\n                            \n\n<div class=\\\"uk-margin-remove-first-child\\\">\\n                                \n\n<div class=\\\"el-content uk-panel uk-margin-top\\\">\\n                                    \n\n<p>CARDET (Centre for Advancement of Research and Development in Educational Technology) \\u00e8 un'organizzazione di ricerca e sviluppo indipendente, non governativa e senza scopo di lucro con sede a Cipro. \\u00c8 uno dei principali centri di ricerca e sviluppo della regione euromediterranea, con un'esperienza globale nella progettazione e nell'implementazione di progetti, nello sviluppo di capacit\\u00e0 e nell'e-learning. Il CARDET \\u00e8 affiliato in modo indipendente a universit\\u00e0 e istituzioni di tutto il mondo, come l'Universit\\u00e0 di Yale, l'Universit\\u00e0 di Nicosia e l'International Council of Educational Media. CARDET ha portato a termine numerosi progetti relativi allo sviluppo delle capacit\\u00e0 e alla pianificazione nel campo dell'istruzione e della formazione professionale, al sostegno dei giovani, all'apprendimento degli adulti, all'alfabetizzazione, agli strumenti digitali, all'e-learning, alla tecnologia educativa e all'integrazione sociale dei gruppi emarginati e degli anziani.<\\\/p>\\n                                <\\\/div>\\n                                \n\n<div class=\\\"uk-margin-top\\\"><a class=\\\"el-link uk-button uk-button-primary\\\" href=\\\"https:\\\/\\\/www.cardet.org\\\" target=\\\"_blank\\\" rel=\\\"noopener\\\">Sito web<\\\/a><\\\/div>\\n                            <\\\/div>\\n                        <\\\/div>\\n                    <\\\/div>\\n                <\\\/div>\\n\\n                \n\n<div class=\\\"el-item\\\"><a class=\\\"el-title uk-accordion-title uk-text-success\\\" href=\\\"#\\\" aria-expanded=\\\"false\\\">Future In Perspective Ltd<\\\/a>\\n                    \n\n<div class=\\\"uk-accordion-content\\\" hidden=\\\"\\\">\\n                        \n\n<div class=\\\"uk-child-width-expand uk-grid-small uk-flex-middle uk-grid uk-grid-stack\\\" uk-grid=\\\"\\\">\\n                            \n\n<div class=\\\"uk-width-1-4@m uk-first-column\\\"><img src=\\\"\\\/wp-content\\\/uploads\\\/2022\\\/09\\\/fip_logo.png\\\" sizes=\\\"(min-width: 200px) 200px\\\" data-width=\\\"200\\\" data-height=\\\"72\\\" class=\\\"el-image\\\" alt=\\\"\\\"><\\\/div>\\n                            \n\n<div class=\\\"uk-margin-remove-first-child\\\">\\n                                \n\n<div class=\\\"el-content uk-panel uk-margin-top\\\">\\n                                    \n\n<p>Future In Perspective Ltd. \\u00e8 una societ\\u00e0 privata con sede nella regione di confine dell'Irlanda, specializzata nei settori dell'istruzione e dell'e-learning, della produzione di media, della pianificazione strategica e dello sviluppo e valutazione aziendale. Attraverso il nostro lavoro su progetti nazionali e finanziati dall'UE, abbiamo coinvolto e sostenuto gruppi locali, comunit\\u00e0 di immigrati, persone anziane e individui che sono stati assenti dall'istruzione a rientrare in contatto con i fornitori di servizi e con le offerte di istruzione e formazione tradizionali. Abbiamo anche esperienza nel sostenere le imprese in mercati di nicchia come i settori creativo, culturale, sociale e verde per sviluppare modelli di business sostenibili. Inoltre, collaboriamo con i principali stakeholder per offrire una serie di programmi diversificati nelle aree della produzione mediatica, della digitalizzazione, dell'orientamento professionale e del mentoring, dell'imprenditorialit\\u00e0, dell'inclusione e della diversit\\u00e0.<\\\/p>\\n                                <\\\/div>\\n                                \n\n<div class=\\\"uk-margin-top\\\"><a class=\\\"el-link uk-button uk-button-primary\\\" href=\\\"http:\\\/\\\/www.futureinperspective.com\\\/\\\" target=\\\"_blank\\\" rel=\\\"noopener\\\">Sito web<\\\/a><\\\/div>\\n                            <\\\/div>\\n                        <\\\/div>\\n                    <\\\/div>\\n                <\\\/div>\\n\\n                \n\n<div class=\\\"el-item\\\"><a class=\\\"el-title uk-accordion-title uk-text-success\\\" href=\\\"#\\\" aria-expanded=\\\"false\\\">KMOP \\u2013 Social Action and Innovation Centre<\\\/a>\\n                    \n\n<div class=\\\"uk-accordion-content\\\" hidden=\\\"\\\">\\n                        \n\n<div class=\\\"uk-child-width-expand uk-grid-small uk-flex-middle uk-grid uk-grid-stack\\\" uk-grid=\\\"\\\">\\n                            \n\n<div class=\\\"uk-width-1-4@m uk-first-column\\\"><img src=\\\"\\\/wp-content\\\/uploads\\\/2022\\\/09\\\/KMOP_logo.png\\\" sizes=\\\"(min-width: 200px) 200px\\\" data-width=\\\"200\\\" data-height=\\\"72\\\" class=\\\"el-image\\\" alt=\\\"\\\"><\\\/div>\\n                            \n\n<div class=\\\"uk-margin-remove-first-child\\\">\\n                                \n\n<div class=\\\"el-content uk-panel uk-margin-top\\\">\\n                                    \n\n<p>KMOP - Social Action and Innovation Centre \\u00e8 un'organizzazione no-profit con sede ad Atene, in Grecia, con oltre 40 anni di esperienza nel campo dello sviluppo sostenibile, della crescita sociale, della tutela dei diritti umani, dell'inclusione sociale e della ricerca politica. KMOP ha una vasta esperienza in materia di assistenza sociale, imprenditoria sociale e occupazione, sistema sanitario e tutela dei diritti umani, ricerca scientifica e sviluppo di know-how in materia di politiche sociali. In qualit\\u00e0 di centro leader per l'azione sociale e l'innovazione, KMOP collabora con i principali attori del settore pubblico e privato, nonch\\u00e9 con la societ\\u00e0 civile, per promuovere interventi orientati alla soluzione e basati sulla conoscenza, essenziali per favorire la resilienza delle persone. \\u00c8 coinvolto in progetti nazionali e dell'UE\\\/internazionali che affrontano questioni sociali incentrate sul rafforzamento delle capacit\\u00e0 e sulla promozione dei diritti dei giovani poco qualificati e dei disoccupati di lunga durata, sull'empowerment, sulla migrazione, sui diritti delle minoranze, sulle vittime della violenza e della tratta, sulle vittime del bullismo, sugli anziani e sui disabili.<\\\/p>\\n                                <\\\/div>\\n                                \n\n<div class=\\\"uk-margin-top\\\"><a class=\\\"el-link uk-button uk-button-primary\\\" href=\\\"https:\\\/\\\/www.kmop.gr\\\/\\\" target=\\\"_blank\\\" rel=\\\"noopener\\\">Sito web<\\\/a><\\\/div>\\n                            <\\\/div>\\n                        <\\\/div>\\n                    <\\\/div>\\n                <\\\/div>\\n\\n                \n\n<div class=\\\"el-item\\\"><a class=\\\"el-title uk-accordion-title uk-text-success\\\" href=\\\"#\\\" aria-expanded=\\\"false\\\">SERN \\u2013 SWEDEN EMILIA ROMAGNA NETWORK<\\\/a>\\n                    \n\n<div class=\\\"uk-accordion-content\\\" hidden=\\\"\\\">\\n                        \n\n<div class=\\\"uk-child-width-expand uk-grid-small uk-flex-middle uk-grid uk-grid-stack\\\" uk-grid=\\\"\\\">\\n                            \n\n<div class=\\\"uk-width-1-4@m uk-first-column\\\"><img src=\\\"\\\/wp-content\\\/uploads\\\/2022\\\/09\\\/SERN_logo.png\\\" sizes=\\\"(min-width: 200px) 200px\\\" data-width=\\\"200\\\" data-height=\\\"197\\\" class=\\\"el-image\\\" alt=\\\"\\\"><\\\/div>\\n                            \n\n<div class=\\\"uk-margin-remove-first-child\\\">\\n                                \n\n<div class=\\\"el-content uk-panel uk-margin-top\\\">\\n                                    \n\n<p>Il SERN \\u00e8 una delle principali reti transnazionali in Europa che promuove le relazioni tra il Nord e il Sud dell'Europa e in particolare tra Svezia e Italia. In quanto associazione transnazionale senza scopo di lucro, il SERN ha tre caratteristiche che lo rendono unico:\\n                                    \\u00c8 l'unica rete bilaterale dell'Unione europea che riunisce attori degli Stati del Nord e del Sud. \\u00c8 una rete multilivello in cui interagiscono e collaborano diversi livelli di governo. \\u00c8 aperta alla societ\\u00e0 civile e agli attori privati. Dalla sua creazione, la rete ha sviluppato pi\\u00f9 di 130 progetti a livello europeo e sta guidando un continuo processo di scambio e cooperazione tra svedesi e italiani. Una cooperazione che, con la nuova strategia, proseguir\\u00e0 nei prossimi sette anni verso comunit\\u00e0 pi\\u00f9 inclusive, cruciali per un'integrazione europea sostenibile, attraverso servizi per i gruppi vulnerabili, cittadinanza attiva e istruzione di qualit\\u00e0. Comunit\\u00e0 che siano anche digitalizzate, con amministrazioni pubbliche aperte ed efficienti e competenze digitali per tutti; che siano verdi e sostenibili, puntando su azioni per ridurre la vulnerabilit\\u00e0 agli effetti del cambiamento climatico, per valorizzare il turismo sostenibile e la mobilit\\u00e0 intelligente.\\n                                    <\\\/p>\\n                                <\\\/div>\\n                                \n\n<div class=\\\"uk-margin-top\\\"><a class=\\\"el-link uk-button uk-button-primary\\\" href=\\\"https:\\\/\\\/www.sern.eu\\\/\\\" target=\\\"_blank\\\" rel=\\\"noopener\\\">Sito web<\\\/a><\\\/div>\\n                            <\\\/div>\\n                        <\\\/div>\\n                    <\\\/div>\\n                <\\\/div>\\n               \\n\\n                \n\n<div class=\\\"el-item\\\"><a class=\\\"el-title uk-accordion-title uk-text-success\\\" href=\\\"#\\\" aria-expanded=\\\"false\\\">Innovade LI LTD, Cyprus<\\\/a>\\n                    \n\n<div class=\\\"uk-accordion-content\\\" hidden=\\\"\\\">\\n                        \n\n<div class=\\\"uk-child-width-expand uk-grid-small uk-flex-middle uk-grid uk-grid-stack\\\" uk-grid=\\\"\\\">\\n                            \n\n<div class=\\\"uk-width-1-4@m uk-first-column\\\"><img src=\\\"\\\/wp-content\\\/uploads\\\/2022\\\/09\\\/INNOVADE_logo.png\\\" sizes=\\\"(min-width: 200px) 200px\\\" data-width=\\\"200\\\" data-height=\\\"94\\\" class=\\\"el-image\\\" alt=\\\"\\\"><\\\/div>\\n                            \n\n<div class=\\\"uk-margin-remove-first-child\\\">\\n                                \n\n<div class=\\\"el-content uk-panel uk-margin-top\\\">\\n                                    \n\n<p>INNOVADE LI \\u00e8 una PMI con sede a Cipro, composta da un team di professionisti con diversi anni di esperienza nei settori della visione strategica, dello sviluppo aziendale, dell'imprenditoria sociale, della tecnologia, dell'innovazione e del mondo accademico. Il suo obiettivo \\u00e8 assistere i clienti nella definizione e nel raggiungimento dei loro obiettivi strategici e nella realizzazione dei loro obiettivi operativi, fornendo un livello ineguagliabile di supporto specialistico. INNOVADE LI collabora con le organizzazioni per aiutarle a ottimizzare i progressi tecnologici e gli strumenti di produttivit\\u00e0 nei loro processi per garantire il miglioramento delle prestazioni e l'aumento della produttivit\\u00e0 e della redditivit\\u00e0.<\\\/p>\\n                                <\\\/div>\\n                                \n\n<div class=\\\"uk-margin-top\\\"><a class=\\\"el-link uk-button uk-button-primary\\\" href=\\\"https:\\\/\\\/www.innovade.eu\\\/\\\" target=\\\"_blank\\\" rel=\\\"noopener\\\">Sito web<\\\/a><\\\/div>\\n                            <\\\/div>\\n                        <\\\/div>\\n                    <\\\/div>\\n                <\\\/div>\\n\\n                \n\n<div class=\\\"el-item\\\"><a class=\\\"el-title uk-accordion-title uk-text-success\\\" href=\\\"#\\\" aria-expanded=\\\"false\\\">Mindshift Talent Advisory<\\\/a>\\n                    \n\n<div class=\\\"uk-accordion-content\\\" hidden=\\\"\\\">\\n                        \n\n<div class=\\\"uk-child-width-expand uk-grid-small uk-flex-middle uk-grid uk-grid-stack\\\" uk-grid=\\\"\\\">\\n                            \n\n<div class=\\\"uk-width-1-4@m uk-first-column\\\"><img src=\\\"\\\/wp-content\\\/uploads\\\/2022\\\/09\\\/Mindhift_logo.jpg\\\" sizes=\\\"(min-width: 200px) 200px\\\" data-width=\\\"200\\\" data-height=\\\"57\\\" class=\\\"el-image\\\" alt=\\\"\\\"><\\\/div>\\n                            \n\n<div class=\\\"uk-margin-remove-first-child\\\">\\n                                \n\n<div class=\\\"el-content uk-panel uk-margin-top\\\">\\n                                    \n\n<p>Mindshift \\u00e8 una societ\\u00e0 di consulenza specializzata in Risorse Umane che investe nella performance e nell'aggiornamento delle competenze delle persone, cercando di aumentare la maturit\\u00e0 digitale e interpersonale delle organizzazioni e della societ\\u00e0. A livello nazionale, MINDSHIFT ha tra i suoi partner principali Key Talent Portugal, una HR Tech Consulting specializzata in Social Attraction e Talent Assessment che sviluppa piattaforme, come Panorama e AplyGo, che permettono di ottimizzare, implementare e gestire processi HR digitali, agili e attrattivi basati sull'analisi dei dati.\\n                                    <\\\/p>\n\n<p>\\n                                    A livello europeo, siamo un partner strategico per lo sviluppo di progetti di cooperazione transnazionale che mirano a creare soluzioni innovative nell'area della formazione dei giovani e degli adulti, in sei aree chiave: upskilling e reskilling, inclusione e occupabilit\\u00e0, sviluppo sostenibile, empowerment delle donne, imprenditorialit\\u00e0 e creativit\\u00e0 e talento digitale.\\n                                    <\\\/p>\n\n<p>\\n                                    Mindshift \\u00e8 fortemente impegnata nel rispetto dei principi di responsabilit\\u00e0 sociale e dell'Agenda 2030 per lo sviluppo sostenibile e riunisce un team di collaboratori con diversi background ed esperienze professionali.\\n                                        <\\\/p>\\n                                <\\\/div>\\n                                \n\n<div class=\\\"uk-margin-top\\\"><a class=\\\"el-link uk-button uk-button-primary\\\" href=\\\"https:\\\/\\\/www.mindshift.pt\\\" target=\\\"_blank\\\" rel=\\\"noopener\\\">Sito web<\\\/a><\\\/div>\\n                            <\\\/div>\\n                        <\\\/div>\\n                    <\\\/div>\\n                <\\\/div>\\n                \\n            <\\\/div>\\n        <\\\/div>\\n\\n\\n\\n    <\\\/li>\\n<\\\/ul>\"}}]}]}]}]}],\"version\":\"2.7.22\"} --><\/p>\n","protected":false},"excerpt":{"rendered":"<p>IL PROGETTO Panoramica del progetto La disoccupazione giovanile \u00e8 aumentata in Europa a causa della crisi pandemica, con un tasso medio del 18% tra i..<\/p>\n","protected":false},"author":1,"featured_media":0,"parent":0,"menu_order":0,"comment_status":"closed","ping_status":"closed","template":"","meta":{"inline_featured_image":false,"footnotes":""},"class_list":["post-890","page","type-page","status-publish","hentry"],"_links":{"self":[{"href":"https:\/\/empower-project.net\/it\/wp-json\/wp\/v2\/pages\/890","targetHints":{"allow":["GET"]}}],"collection":[{"href":"https:\/\/empower-project.net\/it\/wp-json\/wp\/v2\/pages"}],"about":[{"href":"https:\/\/empower-project.net\/it\/wp-json\/wp\/v2\/types\/page"}],"author":[{"embeddable":true,"href":"https:\/\/empower-project.net\/it\/wp-json\/wp\/v2\/users\/1"}],"replies":[{"embeddable":true,"href":"https:\/\/empower-project.net\/it\/wp-json\/wp\/v2\/comments?post=890"}],"version-history":[{"count":1,"href":"https:\/\/empower-project.net\/it\/wp-json\/wp\/v2\/pages\/890\/revisions"}],"predecessor-version":[{"id":918,"href":"https:\/\/empower-project.net\/it\/wp-json\/wp\/v2\/pages\/890\/revisions\/918"}],"wp:attachment":[{"href":"https:\/\/empower-project.net\/it\/wp-json\/wp\/v2\/media?parent=890"}],"curies":[{"name":"wp","href":"https:\/\/api.w.org\/{rel}","templated":true}]}}